{"id":6870,"date":"2021-03-16T15:08:27","date_gmt":"2021-03-16T14:08:27","guid":{"rendered":"http:\/\/umtykocin.pl\/mieszkaniec\/?page_id=6870"},"modified":"2021-09-28T07:35:47","modified_gmt":"2021-09-28T05:35:47","slug":"pierwszy-przetarg-ustny-nieograniczony-na-sprzedaz-nieruchomosci","status":"publish","type":"page","link":"http:\/\/umtykocin.pl\/mieszkaniec\/urzad-miejski\/pierwszy-przetarg-ustny-nieograniczony-na-sprzedaz-nieruchomosci\/","title":{"rendered":"Pierwszy przetarg ustny nieograniczony na sprzeda\u017c nieruchomo\u015bci stanowi\u0105cej w\u0142asno\u015b\u0107 Gminy Tykocin"},"content":{"rendered":"<p>[et_pb_section fb_built=&#8221;1&#8243; admin_label=&#8221;Pierwszy baner&#8221; module_class=&#8221;high-contrast&#8221; _builder_version=&#8221;3.26.3&#8243; custom_margin=&#8221;|||&#8221; custom_padding=&#8221;0px|0px|0px|0px||&#8221; global_module=&#8221;1257&#8243; saved_tabs=&#8221;all&#8221; collapsed=&#8221;off&#8221; global_colors_info=&#8221;{}&#8221;][et_pb_row _builder_version=&#8221;3.26.3&#8243; width=&#8221;100%&#8221; module_alignment=&#8221;center&#8221; custom_margin=&#8221;|0px||0px&#8221; collapsed=&#8221;on&#8221; global_colors_info=&#8221;{}&#8221;][et_pb_column type=&#8221;4_4&#8243; _builder_version=&#8221;3.26.3&#8243; global_colors_info=&#8221;{}&#8221;][et_pb_gallery gallery_ids=&#8221;1384,1383,1385,1379,2124,2123,2122,2121,2120,2119,2118,2125,2127,2117,2116,2110&#8243; gallery_orderby=&#8221;rand&#8221; fullwidth=&#8221;on&#8221; _builder_version=&#8221;4.0.9&#8243; module_alignment=&#8221;center&#8221; height_tablet=&#8221;&#8221; height_phone=&#8221;&#8221; height_last_edited=&#8221;on|desktop&#8221; global_colors_info=&#8221;{}&#8221;][\/et_pb_gallery][\/et_pb_column][\/et_pb_row][\/et_pb_section][et_pb_section fb_built=&#8221;1&#8243; admin_label=&#8221;Sekcja g\u0142\u00f3wna&#8221; module_class=&#8221;high-contrast&#8221; _builder_version=&#8221;3.26.1&#8243; collapsed=&#8221;off&#8221; global_colors_info=&#8221;{}&#8221;][et_pb_row column_structure=&#8221;2_3,1_3&#8243; _builder_version=&#8221;3.25.3&#8243; global_colors_info=&#8221;{}&#8221;][et_pb_column type=&#8221;2_3&#8243; _builder_version=&#8221;3.25.3&#8243; global_colors_info=&#8221;{}&#8221;][et_pb_text admin_label=&#8221;Przyk\u0142adowy nag\u0142\u00f3wek&#8221; _builder_version=&#8221;4.5.3&#8243; text_font=&#8221;Lato||||||||&#8221; text_font_size=&#8221;1.6em&#8221; text_line_height=&#8221;1.6em&#8221; header_font=&#8221;||||||||&#8221; global_colors_info=&#8221;{}&#8221;]<\/p>\n<p style=\"text-align: center;\"><strong>Pierwszy przetarg ustny nieograniczony na sprzeda\u017c nieruchomo\u015bci stanowi\u0105cej w\u0142asno\u015b\u0107 Gminy Tykocin<br \/><\/strong><\/p>\n<p>[\/et_pb_text][et_pb_divider color=&#8221;#ae4682&#8243; divider_weight=&#8221;3px&#8221; admin_label=&#8221;Separator&#8221; _builder_version=&#8221;4.0.9&#8243; global_colors_info=&#8221;{}&#8221;][\/et_pb_divider][et_pb_text _builder_version=&#8221;4.5.3&#8243; _module_preset=&#8221;default&#8221; global_colors_info=&#8221;{}&#8221;]<\/p>\n<p style=\"text-align: center;\"><strong>BURMISTRZ TYKOCINA OG\u0141ASZA<\/strong><\/p>\n<p style=\"text-align: center;\"><strong>przetarg ustny nieograniczony na sprzeda\u017c nieruchomo\u015bci gminnej <\/strong><\/p>\n<p><strong>\u00a0<\/strong><\/p>\n<p style=\"text-align: justify;\"><strong>Znak Post\u0119powania: RNZ.6840.2.2021.MO <\/strong><\/p>\n<p style=\"text-align: justify;\">\n<ol style=\"text-align: justify;\">\n<li><strong> <u>Informacje podstawowe.<\/u><\/strong><\/li>\n<\/ol>\n<p style=\"text-align: justify;\"><strong>1.1. \u00a0\u00a0 Rodzaj nieruchomo\u015bci:\u00a0 <\/strong>nieruchomo\u015b\u0107 niezabudowana<\/p>\n<p style=\"text-align: justify;\"><strong>1.2. \u00a0\u00a0 Po\u0142o\u017cenie: <\/strong>obr\u0119b Broniszewo, gmina Tykocin<\/p>\n<p style=\"text-align: justify;\"><strong>1.3. \u00a0\u00a0 Oznaczenie geodezyjne:<\/strong> dz. nr \u00a056 o pow.\u00a0 1300 m\u00b2.<\/p>\n<p style=\"text-align: justify;\"><strong>1.4. \u00a0\u00a0 Oznaczenie wg. <\/strong><strong>ksi\u0119gi wieczystej<\/strong> KW Nr BI1B\/00221240\/7.<\/p>\n<p style=\"text-align: justify;\"><strong>1.5.\u00a0\u00a0\u00a0 Opis nieruchomo\u015bci: <\/strong><\/p>\n<p style=\"text-align: justify;\"><u>Po\u0142o\u017cenie:<\/u> Dzia\u0142ka po\u0142o\u017cona w miejscowo\u015bci Broniszewo. W otoczeniu nieruchomo\u015bci znajduje si\u0119 zabudowa zagrodowa oraz grunty rolne.<\/p>\n<p style=\"text-align: justify;\"><u>Stan techniczno-u\u017cytkowy<\/u>: dzia\u0142ka ma wyd\u0142u\u017cony kszta\u0142t, zbli\u017cony do trapezu (ok. 20 m, 2 x 81,5 m, 12m). Znajduje si\u0119 w zasi\u0119gu wody, energii elektrycznej oraz telefonu. Po\u0142o\u017cona przy drodze utwardzonej asfaltem. Przez cz\u0119\u015b\u0107 dzia\u0142ki przechodzi r\u00f3w melioracyjny. <strong>Dzia\u0142ka obci\u0105\u017cona s\u0142u\u017cebno\u015bci\u0105 przej\u015bcia i przejazdu pasem szeroko\u015bci 3 m, wzd\u0142u\u017c po\u0142udniowej granicy dzia\u0142ki na rzecz nieruchomo\u015bci o nr geod. 57\/3.<\/strong> Dzia\u0142ka ma bardzo niekorzystne warunki\u00a0 inwestycyjne, trudna do zainwestowania zgodnie z przeznaczeniem (pod us\u0142ugi). Ma ograniczone mo\u017cliwo\u015bci wykorzystania. Zainwestowanie pod us\u0142ugi wymaga poniesienia du\u017cych nak\u0142ad\u00f3w, polegaj\u0105cych na zasypaniu zbiornika wodnego lub wykorzystania istniej\u0105cego wykopu. Nieruchomo\u015b\u0107 zachwaszczona, zaniedbania, zakamieniona z nier\u00f3wnym ukszta\u0142towaniem terenu. W sk\u0142ad nieruchomo\u015bci wchodz\u0105 nast\u0119puj\u0105ce cz\u0119\u015bci sk\u0142adowe: dawny zbiornik przeciwpo\u017carowy o z\u0142ym stanie technicznym, nieu\u017cytkowany od wielu lat, zanieczyszczony, zamulony, zakrzaczony przez co utraci\u0142 swoj\u0105 funkcj\u0119, ogrodzenie (z\u0142y stan techniczny)\u00a0 i drzewa. Sklasyfikowana w ewidencji grunt\u00f3w jako Lzr-PsV, N, W-Ps III.<\/p>\n<p style=\"text-align: justify;\"><strong>1.6. \u00a0\u00a0 Przeznaczenie i spos\u00f3b zagospodarowania: <\/strong>aktualnie dla obszar\u00f3w po\u0142o\u017conych w rejonie przedmiotowej nieruchomo\u015bci brak jest szczeg\u00f3\u0142owych ustale\u0144 planistycznych co do przeznaczenia terenu. Zgodnie ze studium uwarunkowa\u0144 i kierunk\u00f3w zagospodarowania przestrzennego gminy Tykocin dzia\u0142ka po\u0142o\u017cona jest na terenach urz\u0105dze\u0144 us\u0142ugowych.<\/p>\n<p style=\"text-align: justify;\"><strong><u>1.7. \u00a0\u00a0 Cena wywo\u0142awcza nieruchomo\u015bci <\/u><\/strong><strong>\u2013 \u00a09 885 z\u0142 netto. <\/strong>Do ceny sprzeda\u017cy (netto) nieruchomo\u015bci ustalonej w wyniku przetargu zostanie doliczony podatek VAT zgodnie z obowi\u0105zuj\u0105cymi przepisami ustawy od podatku od towar\u00f3w i us\u0142ug.<\/p>\n<p style=\"text-align: justify;\"><strong>1.8. \u00a0\u00a0 Termin, godzina i miejsce przetargu<\/strong>:<strong> \u00a016 kwietnia 2021 r., godz. 10 <sup>00<\/sup><\/strong> sala konferencyjna \u00a0nr 5 &#8211; parter \u00a0Urz\u0119du Miejskiego w Tykocinie, ul. 11 Listopada 8.<\/p>\n<p style=\"text-align: justify;\"><strong>1.9. Termin wp\u0142aty wadium<\/strong>: w pieni\u0105dzu, w kwocie<strong> \u2013 1 000, 00 z\u0142 do dnia 9 kwietnia 2021 r. <\/strong>Za dat\u0119 wp\u0142aty uwa\u017ca\u0107 si\u0119 b\u0119dzie dat\u0119 wp\u0142ywu pieni\u0119dzy na konto sprzedaj\u0105cego.<\/p>\n<p style=\"text-align: justify;\"><strong>1.10. <\/strong>O wysoko\u015bci post\u0105pienia decyduj\u0105 uczestnicy przetargu, przy czym post\u0105pienie nie mo\u017ce wynosi\u0107 mniej ni\u017c 1% ceny wywo\u0142awczej w zaokr\u0105gleniu do pe\u0142nych dziesi\u0105tek z\u0142otych.<\/p>\n<p style=\"text-align: justify;\"><strong>\u00a0<\/strong><\/p>\n<p style=\"text-align: justify;\">Warunkiem przyst\u0105pienia do przetargu jest wp\u0142ata wadium w podanej powy\u017cej wysoko\u015bci przelewem w pieni\u0105dzu na konto Urz\u0119du Miejskiego w Tykocinie BS o\/Tykocin <strong>51 8060 0004 0710 1717 2000 0060<\/strong> z odpowiednim wyprzedzeniem tak, aby \u015brodki pieni\u0119\u017cne znalaz\u0142y si\u0119 na koncie Urz\u0119du Miejskiego w Tykocinie najp\u00f3\u017aniej w dniu <strong>9 kwietnia 2021 r<\/strong>. \u00a0(ostateczna data wp\u0142ywu wadium na konto urz\u0119du). Wadium wp\u0142acone przez osob\u0119, kt\u00f3ra wygra przetarg, zaliczone zostanie na poczet ceny nabycia. W tytule wp\u0142aty nale\u017cy poda\u0107: \u201eWadium sprzeda\u017c dzia\u0142ki nr 56, Broniszewo\u201d.<\/p>\n<p style=\"text-align: justify;\">Pozosta\u0142ym osobom wadium zwraca si\u0119 w terminie 3 dni od daty zamkni\u0119cia przetargu \u2013 warunkiem jest podanie numeru rachunku bankowego, na kt\u00f3re powinno by\u0107 zwr\u00f3cone wadium. Cena za nabycie nieruchomo\u015bci brutto p\u0142atna jest przed zawarciem aktu notarialnego.<\/p>\n<p style=\"text-align: justify;\">Zawiadomienie o terminie i miejscu zawarcia umowy notarialnej nast\u0105pi w ci\u0105gu 21 dni od daty zamkni\u0119cia przetargu. Nieprzyst\u0105pienie bez usprawiedliwienia do zawarcia umowy w ustalonym miejscu i terminie podanym w zawiadomieniu uprawnia organizatora przetargu do odst\u0105pienia od zawarcia umowy, a wp\u0142acone wadium nie podlega zwrotowi. Koszt umowy ponosi nabywca.<\/p>\n<p style=\"text-align: justify;\">\n<p style=\"text-align: justify;\"><u>\u00a0<\/u><\/p>\n<p style=\"text-align: justify;\"><u>Uczestnicy przetargu winni przed otwarciem przetargu przed\u0142o\u017cy\u0107 komisji przetargowej:<\/u><\/p>\n<p style=\"text-align: justify;\">&#8211; w przypadku os\u00f3b fizycznych \u2013 dow\u00f3d osobisty lub paszport, a w przypadku reprezentowania innej osoby pe\u0142nomocnictwo notarialne,<\/p>\n<p style=\"text-align: justify;\">&#8211; w przypadku os\u00f3b fizycznych prowadz\u0105cych dzia\u0142alno\u015b\u0107 gospodarcz\u0105 \u2013 wydruk z CEIDG, dowody to\u017csamo\u015bci, stosowne pe\u0142nomocnictwa,<\/p>\n<p style=\"text-align: justify;\">&#8211; w przypadku wsp\u00f3lnik\u00f3w sp\u00f3\u0142ki cywilnej\u00a0 &#8211; wydruk z CEIDG , dowody to\u017csamo\u015bci, stosowne pe\u0142nomocnictwa,<\/p>\n<p style=\"text-align: justify;\">&#8211; w przypadku os\u00f3b prawnych \u2013 aktualny wypis z w\u0142a\u015bciwego rejestru, stosowne pe\u0142nomocnictwa, dowody to\u017csamo\u015bci os\u00f3b reprezentuj\u0105cych podmiot.<\/p>\n<p style=\"text-align: justify;\">&#8211; w przypadku os\u00f3b pozostaj\u0105cych w zwi\u0105zku ma\u0142\u017ce\u0144skim,\u00a0 posiadaj\u0105cych ustawow\u0105 wsp\u00f3lno\u015b\u0107 ma\u0142\u017ce\u0144sk\u0105 do udzia\u0142u w przetargu wymagana jest obecno\u015b\u0107 obojga ma\u0142\u017conk\u00f3w. W przypadku uczestnictwa w przetargu jednego ma\u0142\u017conka nale\u017cy z\u0142o\u017cy\u0107 do akt pisemne o\u015bwiadczenie wsp\u00f3\u0142ma\u0142\u017conka o wyra\u017ceniu zgody na przyst\u0105pienie ma\u0142\u017conka do przetargu z zamiarem nabycia nieruchomo\u015bci b\u0119d\u0105cej przedmiotem przetargu ze \u015brodk\u00f3w pochodz\u0105cych z maj\u0105tku wsp\u00f3lnego, za ustalon\u0105 cen\u0119 w przetargu. Ma\u0142\u017conek pozostaj\u0105cy \u00a0w rozdzielno\u015bci maj\u0105tkowej, uczestnicz\u0105cy samodzielnie w czynno\u015bciach przetargowych, powinien przed\u0142o\u017cy\u0107 dokument potwierdzaj\u0105cy zniesienie wsp\u00f3\u0142w\u0142asno\u015bci ustawowej ma\u0142\u017ce\u0144skiej.<\/p>\n<p style=\"text-align: justify;\">Nieruchomo\u015b\u0107 sprzedaje si\u0119 zgodnie z wyrysem z mapy ewidencyjnej oraz wypisem z ewidencji grunt\u00f3w i budynk\u00f3w, wydanym przez organ prowadz\u0105cy ewidencj\u0119 grunt\u00f3w. Okazanie punkt\u00f3w granicznych sprzedawanej nieruchomo\u015bci nast\u0119puje na \u017cyczenie i wy\u0142\u0105czny koszt nabywcy nieruchomo\u015bci.<\/p>\n<p style=\"text-align: justify;\">Burmistrz Tykocina mo\u017ce odwo\u0142a\u0107 przetarg z wa\u017cnej przyczyny, informuj\u0105c o tym fakcie w formie prawem przewidzianej.<\/p>\n<p style=\"text-align: justify;\">Szczeg\u00f3\u0142owe informacje dotycz\u0105ce ww. nieruchomo\u015bci mo\u017cna uzyska\u0107 w Urz\u0119dzie Miejskim w Tykocinie przy ul. 11 Listopada 8, (pok\u00f3j 7, tel. 85\u00a0686 93 09).<\/p>\n<p style=\"text-align: justify;\">Og\u0142oszenie podaje si\u0119 do publicznej wiadomo\u015bci na tablicy Urz\u0119du Miejskiego w Tykocinie, na stronie internetowej Urz\u0119du\u00a0 <a href=\"http:\/\/bip.um.tykocin.wrotapodlasia.pl\">http:\/\/bip.um.tykocin.wrotapodlasia.pl<\/a> w zak\u0142adce Przetargi oraz\u00a0 <a href=\"http:\/\/www.umtykocin.pl\">www.umtykocin.pl<\/a> w zak\u0142adce og\u0142oszenia.<\/p>\n<p style=\"text-align: justify;\">Przetarg zostanie przeprowadzony na podstawie: art. 38 ustawy z dnia 21 sierpnia 1997 r. o gospodarce nieruchomo\u015bciami (t.j. Dz. U. z 2020 r. poz. 1990 z p\u00f3\u017an. zm.) i Rozporz\u0105dzenia Rady Ministr\u00f3w z dnia 14 wrze\u015bnia 2004 r. w sprawie sposobu i trybu przeprowadzania przetarg\u00f3w oraz rokowa\u0144 na zbycie nieruchomo\u015bci (Dz. U. z 2014 r., poz. 1490).<\/p>\n<p style=\"text-align: justify;\">\n<p style=\"text-align: justify;\"><strong><em>Klauzula informacyjna <\/em><\/strong><\/p>\n<p style=\"text-align: justify;\">Zgodnie z art. 13 Rozporz\u0105dzenia Parlamentu Europejskiego I Rady (UE) 2016\/679 z dnia 27 kwietnia 2016 r. w sprawie ochrony os\u00f3b fizycznych w zwi\u0105zku z przetwarzaniem danych osobowych i w sprawie swobodnego przep\u0142ywu takich danych oraz uchylenia dyrektywy 95\/46\/WE (og\u00f3lne rozporz\u0105dzenie o ochronie danych dalej \u201eRODO\u201d) informuj\u0119, i\u017c:<\/p>\n<p style=\"text-align: justify;\">1) administratorem Pani\/Pana danych osobowych jest Gmina Tykocin, ul. 11 Listopada 8, 16-080 Tykocin.<\/p>\n<p style=\"text-align: justify;\">2) kontakt z Inspektorem Ochrony Danych \u2013 iod@umtykocin.pl<\/p>\n<p style=\"text-align: justify;\">3)\u00a0 Pani\/Pana dane osobowe przetwarzane b\u0119d\u0105 w zwi\u0105zku ze sprzeda\u017c\u0105 nieruchomo\u015bci gminnych, w szczeg\u00f3lno\u015bci, na podstawie art. 6 ust. 1 lit. c RODO w zwi\u0105zku z ustaw\u0105 z dnia 21 sierpnia 1997 r. o gospodarce nieruchomo\u015bciami;<\/p>\n<p style=\"text-align: justify;\">4) odbiorcami Pani\/Pana danych osobowych b\u0119d\u0105:<\/p>\n<ol style=\"text-align: justify;\">\n<li>podmioty obs\u0142uguj\u0105ce Administratora w zakresie us\u0142ug outsourcingu;<\/li>\n<li>podmioty uprawnione do uzyskania danych osobowych na podstawie przepis\u00f3w prawa.<\/li>\n<\/ol>\n<p style=\"text-align: justify;\">5) Pani\/Pana dane osobowe b\u0119d\u0105 przechowywane przez okres wynikaj\u0105cy z przepis\u00f3w prawa ustawy z dnia 14 lipca 1983 r. o narodowym zasobie archiwalnym i archiwach.<\/p>\n<p style=\"text-align: justify;\">6) obowi\u0105zek podania przez Pani\u0105\/Pana danych osobowych bezpo\u015brednio Pani\/Pana dotycz\u0105cych jest wymogiem ustawowym.<\/p>\n<p style=\"text-align: justify;\">7) posiada Pani\/Pan prawo do:<\/p>\n<ol style=\"text-align: justify;\">\n<li>na podstawie art. 15 RODO prawo dost\u0119pu do danych osobowych Pani\/Pana dotycz\u0105cych;<\/li>\n<li>na podstawie art. 16 RODO prawo do sprostowania Pani\/Pana danych osobowych;<\/li>\n<li>na podstawie art. 18 RODO prawo \u017c\u0105dania od administratora ograniczenia przetwarzania danych osobowych z zastrze\u017ceniem przypadk\u00f3w, o kt\u00f3rych mowa w art. 18 ust. 2 RODO;<\/li>\n<li>prawo do wniesienia skargi do Prezesa Urz\u0119du Ochrony Danych Osobowych, gdy uzna Pani\/Pan, \u017ce przetwarzanie danych osobowych Pani\/Pana dotycz\u0105cych narusza przepisy RODO;<\/li>\n<\/ol>\n<p style=\"text-align: justify;\">8)\u00a0 nie przys\u0142uguje Pani\/Panu:<\/p>\n<ol style=\"text-align: justify;\">\n<li>w zwi\u0105zku z art. 17 RODO prawo do usuni\u0119cia danych osobowych;<\/li>\n<li>prawo do przenoszenia danych osobowych, o kt\u00f3rym mowa w art. 20 RODO;<\/li>\n<li>na podstawie art. 21 RODO prawo sprzeciwu, wobec przetwarzania danych osobowych, gdy\u017c podstaw\u0105 prawn\u0105 przetwarzania Pani\/Pana danych osobowych jest art. 6 ust. 1 lit. c RODO<\/li>\n<\/ol>\n<p style=\"text-align: justify;\">9) Pani\/Pana dane nie b\u0119d\u0105 przetwarzane w spos\u00f3b zautomatyzowany i nie podlegaj\u0105 profilowaniu.<\/p>\n<p>&nbsp;<\/p>\n<p>&nbsp;<\/p>\n<p style=\"text-align: right;\"><em>\u00a0\u00a0\u00a0\u00a0\u00a0\u00a0\u00a0\u00a0\u00a0\u00a0\u00a0\u00a0\u00a0\u00a0\u00a0\u00a0\u00a0\u00a0\u00a0\u00a0\u00a0\u00a0\u00a0\u00a0\u00a0\u00a0\u00a0\u00a0\u00a0\u00a0\u00a0\u00a0\u00a0\u00a0\u00a0\u00a0\u00a0\u00a0\u00a0\u00a0\u00a0\u00a0\u00a0\u00a0\u00a0\u00a0\u00a0\u00a0\u00a0\u00a0\u00a0\u00a0\u00a0\u00a0\u00a0\u00a0\u00a0\u00a0\u00a0\u00a0\u00a0\u00a0\u00a0\u00a0\u00a0\u00a0\u00a0\u00a0\u00a0\u00a0\u00a0\u00a0\u00a0\u00a0\u00a0\u00a0\u00a0\u00a0\u00a0\u00a0\u00a0\u00a0\u00a0\u00a0\u00a0\u00a0\u00a0\u00a0\u00a0\u00a0\u00a0\u00a0\u00a0\u00a0\u00a0\u00a0\u00a0\u00a0\u00a0\u00a0\u00a0\u00a0\u00a0\u00a0\u00a0\u00a0\u00a0\u00a0\u00a0\u00a0\u00a0\u00a0\u00a0\u00a0\u00a0\u00a0\u00a0\u00a0\u00a0\u00a0\u00a0\u00a0\u00a0\u00a0\u00a0\u00a0\u00a0\u00a0\u00a0\u00a0\u00a0\u00a0 <\/em><em>Burmistrz Tykocina<\/em><\/p>\n<p style=\"text-align: right;\"><em>\u00a0<\/em><\/p>\n<p style=\"text-align: right;\"><em>\u00a0\u00a0\u00a0\u00a0\u00a0\u00a0\u00a0\u00a0\u00a0\u00a0\u00a0\u00a0\u00a0\u00a0\u00a0\u00a0\u00a0\u00a0\u00a0\u00a0\u00a0\u00a0\u00a0\u00a0\u00a0\u00a0\u00a0\u00a0\u00a0\u00a0\u00a0\u00a0\u00a0\u00a0\u00a0\u00a0\u00a0\u00a0\u00a0\u00a0\u00a0\u00a0\u00a0\u00a0\u00a0\u00a0\u00a0\u00a0\u00a0\u00a0\u00a0\u00a0\u00a0\u00a0\u00a0\u00a0\u00a0\u00a0\u00a0\u00a0\u00a0\u00a0\u00a0\u00a0\u00a0\u00a0\u00a0\u00a0\u00a0\u00a0\u00a0\u00a0\u00a0\u00a0\u00a0\u00a0\u00a0\u00a0\u00a0\u00a0\u00a0\u00a0\u00a0\u00a0\u00a0\u00a0\u00a0\u00a0\u00a0\u00a0\u00a0\u00a0\u00a0\u00a0\u00a0\u00a0\u00a0\u00a0\u00a0\u00a0\u00a0\u00a0\u00a0\u00a0\u00a0 Mariusz Dudzi\u0144ski <\/em><\/p>\n<p>[\/et_pb_text][et_pb_divider color=&#8221;#ae4682&#8243; divider_weight=&#8221;3px&#8221; _builder_version=&#8221;3.25.2&#8243; global_colors_info=&#8221;{}&#8221;][\/et_pb_divider][et_pb_text admin_label=&#8221;Przyk\u0142adowy nag\u0142\u00f3wek&#8221; _builder_version=&#8221;4.5.3&#8243; text_font=&#8221;Lato||||||||&#8221; text_font_size=&#8221;1.6em&#8221; text_line_height=&#8221;1.6em&#8221; header_font=&#8221;||||||||&#8221; global_colors_info=&#8221;{}&#8221;]<\/p>\n<p style=\"text-align: left;\"><strong>Za\u0142\u0105czniki:<br \/><\/strong><\/p>\n<p>[\/et_pb_text][et_pb_text _builder_version=&#8221;4.5.3&#8243; _module_preset=&#8221;default&#8221; global_colors_info=&#8221;{}&#8221;]<\/p>\n<p><a href=\"http:\/\/umtykocin.pl\/mieszkaniec\/wp-content\/uploads\/sites\/4\/2021\/03\/og\u0142oszenie-RNZ.6840.2.2021.pdf\">og\u0142oszenie RNZ.6840.2.2021.pdf<\/a><\/p>\n<p><a href=\"http:\/\/umtykocin.pl\/mieszkaniec\/wp-content\/uploads\/sites\/4\/2021\/03\/zarz\u0105dzenie-nr-22-2021.pdf\">zarz\u0105dzenie nr 22-2021.pdf<\/a><\/p>\n<p>[\/et_pb_text][\/et_pb_column][et_pb_column type=&#8221;1_3&#8243; _builder_version=&#8221;3.25.2&#8243; global_colors_info=&#8221;{}&#8221;][et_pb_sidebar orientation=&#8221;right&#8221; show_border=&#8221;off&#8221; _builder_version=&#8221;3.25.3&#8243; header_font=&#8221;|700|||||||&#8221; header_font_size=&#8221;1.4em&#8221; text_orientation=&#8221;left&#8221; global_colors_info=&#8221;{}&#8221;][\/et_pb_sidebar][\/et_pb_column][\/et_pb_row][\/et_pb_section][et_pb_section fb_built=&#8221;1&#8243; admin_label=&#8221;Log\u00f3wki partnerzy&#8221; module_class=&#8221;high-contrast&#8221; _builder_version=&#8221;3.26.1&#8243; custom_padding=&#8221;0px|||||&#8221; collapsed=&#8221;on&#8221; global_colors_info=&#8221;{}&#8221;][et_pb_row _builder_version=&#8221;3.25.2&#8243; width=&#8221;100%&#8221; global_colors_info=&#8221;{}&#8221;][et_pb_column type=&#8221;4_4&#8243; _builder_version=&#8221;3.25.2&#8243; global_colors_info=&#8221;{}&#8221;][et_pb_code _builder_version=&#8221;3.25.2&#8243; global_colors_info=&#8221;{}&#8221;]\n\t\t<style>\n\t\t\t#wpls-logo-showcase-slider-1 .wpls-fix-box,\n\t\t\t#wpls-logo-showcase-slider-1 .wpls-fix-box img.wp-post-image{max-height:250px; }\n\t\t<\/style>\n\n\t\t<div class=\"wpls-wrap wpls-logo-showcase-slider-wrp wpls-logo-clearfix wpls-design-1 \" data-conf=\"{&quot;slides_column&quot;:&quot;4&quot;,&quot;slides_scroll&quot;:1,&quot;dots&quot;:&quot;false&quot;,&quot;arrows&quot;:&quot;false&quot;,&quot;autoplay&quot;:&quot;true&quot;,&quot;autoplay_interval&quot;:&quot;2000&quot;,&quot;loop&quot;:&quot;true&quot;,&quot;rtl&quot;:&quot;false&quot;,&quot;speed&quot;:800,&quot;center_mode&quot;:&quot;false&quot;,&quot;lazyload&quot;:&quot;&quot;}\">\n\t\t\t<div class=\"wpls-logo-showcase logo_showcase wpls-logo-slider  sliderimage_hide_border wpls-dots-false\" id=\"wpls-logo-showcase-slider-1\" >\n\t\t\t\t<div class=\"wpls-logo-cnt\">\n\t<div class=\"wpls-fix-box\">\n\t\t\t\t<a href=\"https:\/\/www.bialystok.uw.gov.pl\/Wojewoda\" target=\"_self\">\n\t\t\t<img decoding=\"async\" class=\"wp-post-image\"  src=\"http:\/\/umtykocin.pl\/mieszkaniec\/wp-content\/uploads\/sites\/4\/2019\/06\/logo_wojewoda_podlaski.jpg\" alt=\"\" \/>\n\t\t<\/a>\n\t\t\t<\/div>\n\t<\/div><div class=\"wpls-logo-cnt\">\n\t<div class=\"wpls-fix-box\">\n\t\t\t\t<a href=\"http:\/\/www.powiatbialostocki.pl\/\" target=\"_self\">\n\t\t\t<img decoding=\"async\" class=\"wp-post-image\"  src=\"http:\/\/umtykocin.pl\/mieszkaniec\/wp-content\/uploads\/sites\/4\/2019\/06\/logo_powiat_bialostocki.jpg\" alt=\"\" \/>\n\t\t<\/a>\n\t\t\t<\/div>\n\t<\/div><div class=\"wpls-logo-cnt\">\n\t<div class=\"wpls-fix-box\">\n\t\t\t\t<a href=\"https:\/\/www.facebook.com\/wojpodlaskie\/\" target=\"_self\">\n\t\t\t<img decoding=\"async\" class=\"wp-post-image\"  src=\"http:\/\/umtykocin.pl\/mieszkaniec\/wp-content\/uploads\/sites\/4\/2019\/06\/logo_wrota_podlasia.jpg\" alt=\"\" \/>\n\t\t<\/a>\n\t\t\t<\/div>\n\t<\/div><div class=\"wpls-logo-cnt\">\n\t<div class=\"wpls-fix-box\">\n\t\t\t\t<a href=\"http:\/\/greenvelo.pl\/\" target=\"_self\">\n\t\t\t<img decoding=\"async\" class=\"wp-post-image\"  src=\"http:\/\/umtykocin.pl\/mieszkaniec\/wp-content\/uploads\/sites\/4\/2019\/06\/logo_green_velo.jpg\" alt=\"\" \/>\n\t\t<\/a>\n\t\t\t<\/div>\n\t<\/div><div class=\"wpls-logo-cnt\">\n\t<div class=\"wpls-fix-box\">\n\t\t\t\t<a href=\"https:\/\/epuap.gov.pl\/\" target=\"_self\">\n\t\t\t<img decoding=\"async\" class=\"wp-post-image\"  src=\"http:\/\/umtykocin.pl\/mieszkaniec\/wp-content\/uploads\/sites\/4\/2019\/06\/logo_epuap.jpg\" alt=\"\" \/>\n\t\t<\/a>\n\t\t\t<\/div>\n\t<\/div><div class=\"wpls-logo-cnt\">\n\t<div class=\"wpls-fix-box\">\n\t\t\t\t<img decoding=\"async\" class=\"wp-post-image\"  src=\"http:\/\/umtykocin.pl\/mieszkaniec\/wp-content\/uploads\/sites\/4\/2019\/06\/logo_burmistrz_tykocina.jpg\" alt=\"\" \/>\n\t\t\t<\/div>\n\t<\/div><div class=\"wpls-logo-cnt\">\n\t<div class=\"wpls-fix-box\">\n\t\t\t\t<a href=\"http:\/\/bip.um.tykocin.wrotapodlasia.pl\/\" target=\"_self\">\n\t\t\t<img decoding=\"async\" class=\"wp-post-image\"  src=\"http:\/\/umtykocin.pl\/mieszkaniec\/wp-content\/uploads\/sites\/4\/2020\/06\/Herb-1024x645-1.jpg\" alt=\"\" \/>\n\t\t<\/a>\n\t\t\t<\/div>\n\t<\/div><div class=\"wpls-logo-cnt\">\n\t<div class=\"wpls-fix-box\">\n\t\t\t\t<a href=\"http:\/\/umtykocin.pl\/mieszkaniec\/urzad-miejski\/interreg\/\" target=\"_self\">\n\t\t\t<img decoding=\"async\" class=\"wp-post-image\"  src=\"http:\/\/umtykocin.pl\/mieszkaniec\/wp-content\/uploads\/sites\/4\/2020\/07\/interreg_1.jpg\" alt=\"\" \/>\n\t\t<\/a>\n\t\t\t<\/div>\n\t<\/div><div class=\"wpls-logo-cnt\">\n\t<div class=\"wpls-fix-box\">\n\t\t\t\t<a href=\"https:\/\/www.podlaskie.kas.gov.pl\/izba-administracji-skarbowej-w-bialymstoku\/wiadomosci\/aktualnosci\/-\/asset_publisher\/JS3r\/content\/zalatwiaj-swoje-sprawy-przez-e-urzad-skarbowy-a-wizyte-w-urzedzie-umawiaj-na-podatki-gov-pl?redirect=https%3A%2F%2Fwww.podlaskie.kas.gov.pl%2Fizba-administracji-skarbowej-w-bialymstoku%2Fwiadomosci%2Faktualnosci%3Fp_p_id%3D101_INSTANCE_JS3r%26p_p_lifecycle%3D0%26p_p_state%3Dnormal%26p_p_mode%3Dview%26p_p_col_id%3Dcolumn-2%26p_p_col_count%3D1%26_101_INSTANCE_JS3r_advancedSearch%3Dfalse%26_101_INSTANCE_JS3r_keywords%3D%26_101_INSTANCE_JS3r_delta%3D8%26_101_INSTANCE_JS3r_cur%3D2%26_101_INSTANCE_JS3r_andOperator%3Dtrue#p_p_id_101_INSTANCE_JS3r_\" target=\"_self\">\n\t\t\t<img decoding=\"async\" class=\"wp-post-image\"  src=\"http:\/\/umtykocin.pl\/mieszkaniec\/wp-content\/uploads\/sites\/4\/2021\/04\/eUS_mix_ost9.jpg\" alt=\"\" \/>\n\t\t<\/a>\n\t\t\t<\/div>\n\t<\/div><div class=\"wpls-logo-cnt\">\n\t<div class=\"wpls-fix-box\">\n\t\t\t\t<a href=\"http:\/\/umtykocin.pl\/mieszkaniec\/urzad-miejski\/wazne-adresy\/aplikacja-lupe\/\" target=\"_self\">\n\t\t\t<img decoding=\"async\" class=\"wp-post-image\"  src=\"http:\/\/umtykocin.pl\/mieszkaniec\/wp-content\/uploads\/sites\/4\/2022\/07\/ipodlaskie.jpg\" alt=\"\" \/>\n\t\t<\/a>\n\t\t\t<\/div>\n\t<\/div><div class=\"wpls-logo-cnt\">\n\t<div class=\"wpls-fix-box\">\n\t\t\t\t<a href=\"https:\/\/gis.ipodlaskie.pl\/tykocin\" target=\"_self\">\n\t\t\t<img decoding=\"async\" class=\"wp-post-image\"  src=\"http:\/\/umtykocin.pl\/mieszkaniec\/wp-content\/uploads\/sites\/4\/2024\/10\/gison.jpg\" alt=\"\" \/>\n\t\t<\/a>\n\t\t\t<\/div>\n\t<\/div>\t\t\t<\/div>\n\t\t<\/div>\n\n\t\t[\/et_pb_code][\/et_pb_column][\/et_pb_row][\/et_pb_section]<\/p>\n","protected":false},"excerpt":{"rendered":"<p>[et_pb_section fb_built=&#8221;1&#8243; admin_label=&#8221;Pierwszy baner&#8221; module_class=&#8221;high-contrast&#8221; _builder_version=&#8221;3.26.3&#8243; custom_margin=&#8221;|||&#8221; custom_padding=&#8221;0px|0px|0px|0px||&#8221; global_module=&#8221;1257&#8243; saved_tabs=&#8221;all&#8221; collapsed=&#8221;off&#8221; global_colors_info=&#8221;{}&#8221;][et_pb_row _builder_version=&#8221;3.26.3&#8243; width=&#8221;100%&#8221; module_alignment=&#8221;center&#8221; custom_margin=&#8221;|0px||0px&#8221; collapsed=&#8221;on&#8221; global_colors_info=&#8221;{}&#8221;][et_pb_column type=&#8221;4_4&#8243; _builder_version=&#8221;3.26.3&#8243; global_colors_info=&#8221;{}&#8221;][et_pb_gallery gallery_ids=&#8221;1384,1383,1385,1379,2124,2123,2122,2121,2120,2119,2118,2125,2127,2117,2116,2110&#8243; gallery_orderby=&#8221;rand&#8221; fullwidth=&#8221;on&#8221; _builder_version=&#8221;4.0.9&#8243; module_alignment=&#8221;center&#8221; height_tablet=&#8221;&#8221; height_phone=&#8221;&#8221; height_last_edited=&#8221;on|desktop&#8221; global_colors_info=&#8221;{}&#8221;][\/et_pb_gallery][\/et_pb_column][\/et_pb_row][\/et_pb_section][et_pb_section fb_built=&#8221;1&#8243; admin_label=&#8221;Sekcja g\u0142\u00f3wna&#8221; module_class=&#8221;high-contrast&#8221; _builder_version=&#8221;3.26.1&#8243; collapsed=&#8221;off&#8221; global_colors_info=&#8221;{}&#8221;][et_pb_row column_structure=&#8221;2_3,1_3&#8243; _builder_version=&#8221;3.25.3&#8243; global_colors_info=&#8221;{}&#8221;][et_pb_column type=&#8221;2_3&#8243; _builder_version=&#8221;3.25.3&#8243; global_colors_info=&#8221;{}&#8221;][et_pb_text admin_label=&#8221;Przyk\u0142adowy nag\u0142\u00f3wek&#8221; _builder_version=&#8221;4.5.3&#8243; text_font=&#8221;Lato||||||||&#8221; text_font_size=&#8221;1.6em&#8221; text_line_height=&#8221;1.6em&#8221; header_font=&#8221;||||||||&#8221; global_colors_info=&#8221;{}&#8221;] Pierwszy przetarg ustny nieograniczony [&hellip;]<\/p>\n","protected":false},"author":10006,"featured_media":0,"parent":1959,"menu_order":0,"comment_status":"closed","ping_status":"closed","template":"","meta":{"_et_pb_use_builder":"on","_et_pb_old_content":"","_et_gb_content_width":"","cybocfi_hide_featured_image":"","footnotes":""},"class_list":["post-6870","page","type-page","status-publish","hentry","high-contrast"],"_links":{"self":[{"href":"http:\/\/umtykocin.pl\/mieszkaniec\/wp-json\/wp\/v2\/pages\/6870","targetHints":{"allow":["GET"]}}],"collection":[{"href":"http:\/\/umtykocin.pl\/mieszkaniec\/wp-json\/wp\/v2\/pages"}],"about":[{"href":"http:\/\/umtykocin.pl\/mieszkaniec\/wp-json\/wp\/v2\/types\/page"}],"author":[{"embeddable":true,"href":"http:\/\/umtykocin.pl\/mieszkaniec\/wp-json\/wp\/v2\/users\/10006"}],"replies":[{"embeddable":true,"href":"http:\/\/umtykocin.pl\/mieszkaniec\/wp-json\/wp\/v2\/comments?post=6870"}],"version-history":[{"count":7,"href":"http:\/\/umtykocin.pl\/mieszkaniec\/wp-json\/wp\/v2\/pages\/6870\/revisions"}],"predecessor-version":[{"id":7596,"href":"http:\/\/umtykocin.pl\/mieszkaniec\/wp-json\/wp\/v2\/pages\/6870\/revisions\/7596"}],"up":[{"embeddable":true,"href":"http:\/\/umtykocin.pl\/mieszkaniec\/wp-json\/wp\/v2\/pages\/1959"}],"wp:attachment":[{"href":"http:\/\/umtykocin.pl\/mieszkaniec\/wp-json\/wp\/v2\/media?parent=6870"}],"curies":[{"name":"wp","href":"https:\/\/api.w.org\/{rel}","templated":true}]}}