{"id":179,"date":"2019-07-15T14:57:10","date_gmt":"2019-07-15T12:57:10","guid":{"rendered":"http:\/\/umtykocin.pl\/turysta\/?page_id=179"},"modified":"2020-06-08T14:27:21","modified_gmt":"2020-06-08T12:27:21","slug":"noclegi","status":"publish","type":"page","link":"http:\/\/umtykocin.pl\/turysta\/noclegi\/","title":{"rendered":"Noclegi"},"content":{"rendered":"<p>[et_pb_section fb_built=&#8221;1&#8243; module_class=&#8221;high-contrast&#8221; _builder_version=&#8221;3.26.1&#8243;][et_pb_row column_structure=&#8221;1_4,1_4,1_4,1_4&#8243; disabled_on=&#8221;on|on|on&#8221; _builder_version=&#8221;4.0.9&#8243; custom_padding=&#8221;19px|||||&#8221; disabled=&#8221;on&#8221; collapsed=&#8221;on&#8221;][et_pb_column type=&#8221;1_4&#8243; _builder_version=&#8221;3.26.1&#8243;][et_pb_blurb title=&#8221;Apartament %22U Zdzisia%22&#8243; image=&#8221;http:\/\/umtykocin.pl\/turysta\/wp-content\/uploads\/sites\/3\/2019\/07\/Apartament-U-Zdzisiaj-2.jpeg&#8221; _builder_version=&#8221;4.0.9&#8243; header_text_align=&#8221;center&#8221; body_text_align=&#8221;justify&#8221; min_height=&#8221;390px&#8221; custom_padding=&#8221;15px|15px|15px|15px|true|true&#8221; link_option_url=&#8221;http:\/\/umtykocin.pl\/turysta\/project\/apartament-u-zdzisia\/&#8221; box_shadow_style=&#8221;preset1&#8243;]<\/p>\n<p><i class=\"fas fa-map-marker-alt\"><\/i> Liczba miejsc: <span style=\"color: #009fe3\">2<\/span><br \/> Adres: <em>ul. Browarna 13, <\/em><em>16-080 Tykocin<\/em><\/p>\n<p><i class=\"fas fa-mobile-alt\"><\/i> Tel: <a href=\"tel:691046905\"><span style=\"color: #009fe3\">691 046 905<\/span><\/a><br \/> <i class=\"fas fa-mobile-alt\"><\/i> Tel:\u00a0<a href=\"tel:607356760\"><span style=\"color: #009fe3\">607 356 760<\/span><\/a><\/p>\n<p style=\"text-align: center\">[\/et_pb_blurb][et_pb_blurb title=&#8221;Apartament B\u0142\u0119kit Nieba&#8221; image=&#8221;http:\/\/umtykocin.pl\/turysta\/wp-content\/uploads\/sites\/3\/2019\/12\/Apartament-B\u0142\u0119kit-Nieba.jpg&#8221; admin_label=&#8221;Notka&#8221; _builder_version=&#8221;4.0.9&#8243; header_text_align=&#8221;center&#8221; body_text_align=&#8221;justify&#8221; custom_padding=&#8221;15px|15px|15px|15px|true|true&#8221; box_shadow_style=&#8221;preset1&#8243;]<i class=\"fas fa-map-marker-alt\"><\/i> Liczba miejsc: <span style=\"color: #009fe3\">5<\/span><\/p>\n<p>50-metrowy apartament dla 5 os\u00f3b (\u0142\u00f3\u017cka podw\u00f3jne + dostawka)<br \/>\nAdres: ul. Zagumienna 22,\u00a016-080 Tykocin<\/p>\n<p><i class=\"fas fa-mobile-alt\"><\/i> Tel: <a href=\"tel:691046905\"><span style=\"color: #009fe3\">603 642 981<\/span><\/a><\/p>\n<p style=\"text-align: center\">[\/et_pb_blurb][et_pb_blurb title=&#8221;\u201eDomek wiejski\u201d&#8221; image=&#8221;http:\/\/umtykocin.pl\/turysta\/wp-content\/uploads\/sites\/3\/2019\/12\/received_217347555854627.jpeg&#8221; admin_label=&#8221;Notka&#8221; _builder_version=&#8221;4.0.9&#8243; header_text_align=&#8221;center&#8221; body_text_align=&#8221;justify&#8221; min_height=&#8221;394px&#8221; custom_margin=&#8221;11px|-17px||||&#8221; custom_padding=&#8221;15px|7px|15px|7px|true|true&#8221; box_shadow_style=&#8221;preset1&#8243;]<i class=\"fas fa-map-marker-alt\"><\/i> Liczba miejsc: <span style=\"color: #009fe3\">8<\/span><br \/>\nAdres: ul. Klasztorna 5, 16-080 Tykocin<\/p>\n<p><i class=\"fas fa-mobile-alt\"><\/i> Tel: <a href=\"tel:698691122\"><span style=\"color: #009fe3\">698 691 122<\/span><\/a><\/p>\n<p>Email:\u00a0<span style=\"color: #009fe3\">elzbietapogorzelskaj@wp.pl<\/span><br \/>\n[\/et_pb_blurb][et_pb_blurb title=&#8221;Zamek w Tykocinie&#8221; image=&#8221;http:\/\/umtykocin.pl\/turysta\/wp-content\/uploads\/sites\/3\/2019\/12\/zamek-3.jpg&#8221; admin_label=&#8221;Notka&#8221; _builder_version=&#8221;4.0.9&#8243; header_text_align=&#8221;center&#8221; body_text_align=&#8221;justify&#8221; min_height=&#8221;149px&#8221; custom_margin=&#8221;23px|-17px||||&#8221; custom_padding=&#8221;0px|15px|0px|15px|true|true&#8221; box_shadow_style=&#8221;preset1&#8243;]<\/p>\n<p><i class=\"fas fa-map-marker-alt\"><\/i> Liczba miejsc: <span style=\"color: #009fe3\">16<\/span><br \/> Adres: ul. Puchalskiego 3, 16-080 Tykocin<br \/> <i class=\"fas fa-mobile-alt\"><\/i> Tel: <a href=\"tel:(85)7197476\"><span style=\"color: #009fe3\">(85) 718 73 72<\/span><\/a><br \/> <i class=\"fas fa-mobile-alt\"><\/i> Tel: <a href=\"tel:502332886\"><span style=\"color: #009fe3\">513 434 296<\/span><\/a><br \/> Email: <a href=\"mailto:regent@villaregent.eu\">biuro@zamekwtykocinie.pl<\/a><br \/> <a href=\"http:\/\/zamekwtykocinie.pl\" target=\"_blank\" rel=\"noopener noreferrer\">Czytaj wi\u0119cej&#8230;<\/a><\/p>\n<p>[\/et_pb_blurb][et_pb_blurb title=&#8221;\u201eKurnik Polski\u201d &#8211; gospodarstwo agroturystyczne&#8221; image=&#8221;http:\/\/umtykocin.pl\/turysta\/wp-content\/uploads\/sites\/3\/2019\/12\/kuchnia-domowa-bia\u0142ystok.jpg&#8221; admin_label=&#8221;Notka&#8221; _builder_version=&#8221;4.0.9&#8243; header_text_align=&#8221;center&#8221; body_text_align=&#8221;justify&#8221; min_height=&#8221;268px&#8221; custom_margin=&#8221;23px|-17px||||&#8221; custom_padding=&#8221;30px|15px|30px|15px|true|true&#8221; box_shadow_style=&#8221;preset1&#8243;]<\/p>\n<p><i class=\"fas fa-map-marker-alt\"><\/i> Liczba miejsc: <span style=\"color: #009fe3\">10<\/span><br \/> Adres: kol. Nowe Miasto 10, 16-080 Tykocin<br \/> <i class=\"fas fa-mobile-alt\"><\/i> Tel: <a href=\"tel:(85)7197476\"><span style=\"color: #009fe3\">601 955 795<\/span><\/a><br \/> Email: <a href=\"mailto:regent@villaregent.eu\">kurnikpolski@wp.pl<\/a><\/p>\n<p>[\/et_pb_blurb][et_pb_blurb title=&#8221;\u201eLe\u015bna Pszcz\u00f3\u0142ka\u201d &#8211; gospodarstwo agroturystyczne&#8221; image=&#8221;http:\/\/umtykocin.pl\/turysta\/wp-content\/uploads\/sites\/3\/2019\/12\/Le\u015bna-Pszcz\u00f3\u0142ka.jpg&#8221; admin_label=&#8221;Notka&#8221; _builder_version=&#8221;4.0.9&#8243; header_text_align=&#8221;center&#8221; body_text_align=&#8221;justify&#8221; min_height=&#8221;268px&#8221; custom_margin=&#8221;23px|-17px||||&#8221; custom_padding=&#8221;30px|15px|30px|15px|true|true&#8221; box_shadow_style=&#8221;preset1&#8243;]<\/p>\n<p><i class=\"fas fa-map-marker-alt\"><\/i> Liczba miejsc: <span style=\"color: #009fe3\">10<\/span><br \/> Adres: Rz\u0119dziany 54, 16-080 Tykocin<br \/> <i class=\"fas fa-mobile-alt\"><\/i> Tel: <a href=\"tel:(85)7197476\"><span style=\"color: #009fe3\">699 970 602<\/span><\/a><\/p>\n<p>[\/et_pb_blurb][et_pb_blurb title=&#8221;\u201eU \u017bendziana\u201d &#8211; gospodarstwo agroturystyczne&#8221; image=&#8221;http:\/\/umtykocin.pl\/turysta\/wp-content\/uploads\/sites\/3\/2019\/12\/U-\u017bendziana.jpg&#8221; admin_label=&#8221;Notka&#8221; _builder_version=&#8221;4.0.9&#8243; header_text_align=&#8221;center&#8221; body_text_align=&#8221;justify&#8221; min_height=&#8221;268px&#8221; custom_margin=&#8221;23px|-17px||||&#8221; custom_padding=&#8221;30px|15px|30px|15px|true|true&#8221; box_shadow_style=&#8221;preset1&#8243;]<\/p>\n<p><i class=\"fas fa-map-marker-alt\"><\/i> Liczba miejsc: <span style=\"color: #009fe3\">2 pokoje 2-osobowe z \u0142azienkami i 3 pokoje 4-osobowe<\/span><br \/> Adres: Rz\u0119dziany 17, 16-080 Tykocin<br \/> <i class=\"fas fa-mobile-alt\"><\/i> Tel: <a href=\"tel:(85)7197476\"><span style=\"color: #009fe3\">608 860 209<\/span><\/a><br \/> Email: <a href=\"mailto:regent@villaregent.eu\">poczta@uzendziana.pl<\/a><\/p>\n<p>[\/et_pb_blurb][\/et_pb_column][et_pb_column type=&#8221;1_4&#8243; _builder_version=&#8221;3.26.1&#8243;][et_pb_blurb title=&#8221;Alumnat&#8221; image=&#8221;http:\/\/umtykocin.pl\/turysta\/wp-content\/uploads\/sites\/3\/2019\/12\/ASN3789.jpg&#8221; admin_label=&#8221;Notka&#8221; _builder_version=&#8221;4.0.9&#8243; header_text_align=&#8221;center&#8221; body_text_align=&#8221;justify&#8221; min_height=&#8221;321px&#8221; custom_margin=&#8221;||58px|||&#8221; custom_padding=&#8221;0px|15px|0px|15px|true|true&#8221; box_shadow_style=&#8221;preset1&#8243;]<\/p>\n<p><i class=\"fas fa-map-marker-alt\"><\/i> Liczba miejsc: <span style=\"color: #009fe3\">54<\/span><br \/> Adres: 16-080 Tykocin, ul. Po\u015bwi\u0119tna 1<\/p>\n<p><i class=\"fas fa-mobile-alt\"><\/i> Tel: <a href=\"tel:%200048857181649\">(85) 718 16 49<\/a><br \/> <i class=\"fas fa-mobile-alt\"><\/i> Tel: <a href=\"tel:%200048606431813\">606 431 813<\/a><br \/> Email: <a href=\"mailto:mail%20to:rezerwacja@alumnat.eu\">rezerwacja@alumnat.eu<\/a><\/p>\n<p style=\"text-align: center\"><a title=\"Czytaj wi\u0119cej\" href=\"http:\/\/alumnat.eu\/\" target=\"_blank\" rel=\"noopener noreferrer\">Czytaj wi\u0119cej&#8230;<\/a><\/p>\n<p>[\/et_pb_blurb][et_pb_blurb title=&#8221;Austeria&#8221; image=&#8221;http:\/\/umtykocin.pl\/turysta\/wp-content\/uploads\/sites\/3\/2019\/12\/Austeria.jpg&#8221; admin_label=&#8221;Notka&#8221; _builder_version=&#8221;4.0.9&#8243; header_text_align=&#8221;center&#8221; body_text_align=&#8221;justify&#8221; custom_margin=&#8221;-24px|||||&#8221; custom_padding=&#8221;40px|15px|40px|15px|true|true&#8221; box_shadow_style=&#8221;preset1&#8243;]<i class=\"fas fa-map-marker-alt\"><\/i> Liczba miejsc: <span style=\"color: #009fe3\">14<\/span><br \/>\nAdres: ul. Plac Czarnieckiego 11, 16-080 Tykocin<br \/>\n<i class=\"fas fa-mobile-alt\"><\/i> Tel: <a href=\"tel:509430309\"><span style=\"color: #009fe3\">509 430 309<\/span><\/a><br \/>\n<i class=\"fas fa-mobile-alt\"><\/i> Tel: <a href=\"tel:512289806\"><span style=\"color: #009fe3\">512 289 806<\/span><\/a><\/p>\n<p style=\"text-align: center\">[\/et_pb_blurb][et_pb_blurb title=&#8221;\u201ePokoje u Marcina\u201d&#8221; image=&#8221;http:\/\/umtykocin.pl\/turysta\/wp-content\/uploads\/sites\/3\/2019\/12\/Pokoje-u-Marcina.jpg&#8221; admin_label=&#8221;Notka&#8221; _builder_version=&#8221;4.0.9&#8243; header_text_align=&#8221;center&#8221; body_text_align=&#8221;justify&#8221; min_height=&#8221;394px&#8221; custom_margin=&#8221;23px|-17px||||&#8221; custom_padding=&#8221;30px|15px|30px|15px|true|true&#8221; box_shadow_style=&#8221;preset1&#8243;]<\/p>\n<p><i class=\"fas fa-map-marker-alt\"><\/i> Liczba miejsc: <span style=\"color: #009fe3\">18<\/span><br \/> Adres: ul. 11 Listopada 72, 16-080 Tykocin<br \/> <i class=\"fas fa-mobile-alt\"><\/i> Tel: <a href=\"tel:500522743\"><span style=\"color: #009fe3\">500 522 743<\/span><\/a><\/p>\n<p>[\/et_pb_blurb][et_pb_blurb title=&#8221;\u201eAtlanta\u201d&#8221; image=&#8221;http:\/\/umtykocin.pl\/turysta\/wp-content\/uploads\/sites\/3\/2019\/12\/Atlanta-scaled.jpg&#8221; admin_label=&#8221;Notka&#8221; _builder_version=&#8221;4.0.9&#8243; header_text_align=&#8221;center&#8221; body_text_align=&#8221;justify&#8221; min_height=&#8221;279px&#8221; custom_margin=&#8221;23px|-17px||||&#8221; custom_padding=&#8221;30px|15px|30px|15px|true|true&#8221; box_shadow_style=&#8221;preset1&#8243;]<\/p>\n<p><i class=\"fas fa-map-marker-alt\"><\/i> Liczba miejsc: <span style=\"color: #009fe3\">68<\/span><br \/> Adres: Je\u017cewo Stare, 16-080 Tykocin<br \/> <i class=\"fas fa-mobile-alt\"><\/i> Tel: <a href=\"tel:(85)7197476\"><span style=\"color: #009fe3\">(85) 718 15 80<\/span><\/a><br \/> <i class=\"fas fa-mobile-alt\"><\/i> Tel: <a href=\"tel:502332886\"><span style=\"color: #009fe3\">798 381 381<\/span><\/a><br \/> Email: <a href=\"mailto:regent@villaregent.eu\">recepcja@hotelatlanta.pl<\/a><br \/> <a href=\"http:\/\/hotelatlanta.pl\" target=\"_blank\" rel=\"noopener noreferrer\">Czytaj wi\u0119cej&#8230;<\/a><\/p>\n<p>[\/et_pb_blurb][et_pb_blurb title=&#8221;\u201eStanica \u0141ab\u0119dzie\u201d&#8221; image=&#8221;http:\/\/umtykocin.pl\/turysta\/wp-content\/uploads\/sites\/3\/2019\/12\/Stanica-\u0141ab\u0119dzie.jpeg&#8221; admin_label=&#8221;Notka&#8221; _builder_version=&#8221;4.0.9&#8243; header_text_align=&#8221;center&#8221; body_text_align=&#8221;justify&#8221; min_height=&#8221;268px&#8221; custom_margin=&#8221;23px|-17px||||&#8221; custom_padding=&#8221;30px|15px|30px|15px|true|true&#8221; box_shadow_style=&#8221;preset1&#8243;]<\/p>\n<p><i class=\"fas fa-map-marker-alt\"><\/i>Adres: Kiermusy 16, 16-080 Tykocin<br \/> <i class=\"fas fa-mobile-alt\"><\/i> Tel: <a href=\"tel:(85)7197476\"><span style=\"color: #009fe3\">692 076 543<\/span><\/a><\/p>\n<p>[\/et_pb_blurb][et_pb_blurb title=&#8221;\u201eDw\u00f3r Pentowo\u201d&#8221; image=&#8221;http:\/\/umtykocin.pl\/turysta\/wp-content\/uploads\/sites\/3\/2019\/12\/DSC_8363.jpg&#8221; admin_label=&#8221;Notka&#8221; _builder_version=&#8221;4.0.9&#8243; header_text_align=&#8221;center&#8221; body_text_align=&#8221;justify&#8221; min_height=&#8221;268px&#8221; custom_margin=&#8221;23px|-17px||||&#8221; custom_padding=&#8221;62px|15px|62px|15px|true|true&#8221; box_shadow_style=&#8221;preset1&#8243;]<\/p>\n<p><i class=\"fas fa-map-marker-alt\"><\/i> Liczba miejsc: <span style=\"color: #009fe3\">5 pokoi 2-osobowych<\/span><br \/> Adres: kol. Kaczorowo 39, 16-080 Tykocin<br \/> <i class=\"fas fa-mobile-alt\"><\/i> Tel: <a href=\"tel:(85)7197476\"><span style=\"color: #009fe3\">(85) 718 16 29<\/span><\/a><br \/> Email: <a href=\"mailto:regent@villaregent.eu\">pentowo@pentowo.pl<\/a><\/p>\n<p><a href=\"http:\/\/pentowo.pl\" target=\"_blank\" rel=\"noopener noreferrer\">Czytaj wi\u0119cej&#8230;<\/a><\/p>\n<p>[\/et_pb_blurb][et_pb_blurb title=&#8221;Kwatera agroturystyczna \u201eU Wojtka\u201d&#8221; image=&#8221;http:\/\/umtykocin.pl\/turysta\/wp-content\/uploads\/sites\/3\/2019\/12\/U-Wojtka.jpg&#8221; admin_label=&#8221;Notka&#8221; _builder_version=&#8221;4.0.9&#8243; header_text_align=&#8221;center&#8221; body_text_align=&#8221;justify&#8221; min_height=&#8221;268px&#8221; custom_margin=&#8221;23px|-17px||||&#8221; custom_padding=&#8221;98px|15px|98px|15px|true|true&#8221; box_shadow_style=&#8221;preset1&#8243;]<\/p>\n<p><i class=\"fas fa-map-marker-alt\"><\/i> Liczba miejsc: <span style=\"color: #009fe3\">9<\/span><br \/> Adres: Sawino 23, 16-080 Tykocin<br \/> <i class=\"fas fa-mobile-alt\"><\/i> Tel: <a href=\"tel:(85)7197476\"><span style=\"color: #009fe3\">605 094 674<\/span><\/a><\/p>\n<p>[\/et_pb_blurb][\/et_pb_column][et_pb_column type=&#8221;1_4&#8243; _builder_version=&#8221;3.26.1&#8243;][et_pb_blurb title=&#8221;Apartament&#8221; image=&#8221;http:\/\/umtykocin.pl\/turysta\/wp-content\/uploads\/sites\/3\/2019\/12\/apartament.jpg&#8221; admin_label=&#8221;Notka&#8221; _builder_version=&#8221;4.0.9&#8243; header_text_align=&#8221;center&#8221; body_text_align=&#8221;justify&#8221; custom_padding=&#8221;15px|15px|15px|15px|true|true&#8221; box_shadow_style=&#8221;preset1&#8243;]<i class=\"fas fa-map-marker-alt\"><\/i> Liczba miejsc: <span style=\"color: #009fe3\">4<\/span><br \/>\nAdres: 16-080 Tykocin, ul. Pi\u0142sudskiego 27\/2<\/p>\n<p><i class=\"fas fa-mobile-alt\"><\/i> Tel: <a href=\"tel:697884346\"><span style=\"color: #009fe3\">697 884 346<\/span><\/a><br \/>\nEmail: <a href=\"mailto:lukasz@cwdesign.com\">lukasz@cwdesign.com<\/a><\/p>\n<p>&nbsp;<br \/>\n[\/et_pb_blurb][et_pb_blurb title=&#8221;Dom \u201ePod czarnym bocianem\u201d&#8221; image=&#8221;http:\/\/umtykocin.pl\/turysta\/wp-content\/uploads\/sites\/3\/2019\/12\/Pod-czarnym-bocianem.jpg&#8221; admin_label=&#8221;Notka&#8221; _builder_version=&#8221;4.0.9&#8243; header_text_align=&#8221;center&#8221; body_text_align=&#8221;justify&#8221; min_height=&#8221;444px&#8221; custom_margin=&#8221;20px|7px|-34px|||&#8221; custom_padding=&#8221;43px|15px|43px|15px|true|true&#8221; box_shadow_style=&#8221;preset1&#8243;]<\/p>\n<p><i class=\"fas fa-map-marker-alt\"><\/i> Liczba miejsc: <span style=\"color: #009fe3\">10<\/span><br \/> Adres: ul. Po\u015bwi\u0119tna 16, 16-080 Tykocin<\/p>\n<p><i class=\"fas fa-mobile-alt\"><\/i> Tel: <a href=\"tel:(85)7187408\"><span style=\"color: #009fe3\">(85) 718 74 08<\/span><\/a><\/p>\n<p>[\/et_pb_blurb][et_pb_blurb title=&#8221;\u201eVilla Regent\u201d&#8221; image=&#8221;http:\/\/umtykocin.pl\/turysta\/wp-content\/uploads\/sites\/3\/2019\/12\/pok\u00f3j-scaled.jpg&#8221; admin_label=&#8221;Notka&#8221; _builder_version=&#8221;4.0.9&#8243; header_text_align=&#8221;center&#8221; body_text_align=&#8221;justify&#8221; min_height=&#8221;422px&#8221; custom_margin=&#8221;23px|-17px||||&#8221; custom_padding=&#8221;10px|15px|10px|15px|true|true&#8221; box_shadow_style=&#8221;preset1&#8243;]<\/p>\n<p><i class=\"fas fa-map-marker-alt\"><\/i> Liczba miejsc: <span style=\"color: #009fe3\">10<\/span><br \/> Adres: ul. Soko\u0142owska 3, 16-080 Tykocin<br \/> <i class=\"fas fa-mobile-alt\"><\/i> Tel: <a href=\"tel:(85)7197476\"><span style=\"color: #009fe3\">(85) 719 74 76<\/span><\/a><br \/> <i class=\"fas fa-mobile-alt\"><\/i> Tel: <a href=\"tel:502332886\"><span style=\"color: #009fe3\">502 332 886<\/span><\/a><br \/> <i class=\"fas fa-mobile-alt\"><\/i> Tel: <a href=\"tel:502332884\"><span style=\"color: #009fe3\">502 332 884<\/span><\/a><br \/> Email: <a href=\"mailto:regent@villaregent.eu\">regent@villaregent.eu<\/a><br \/> <a href=\"http:\/\/villaregent.eu\" target=\"_blank\" rel=\"noopener noreferrer\">Czytaj wi\u0119cej&#8230;<\/a><\/p>\n<p>[\/et_pb_blurb][et_pb_blurb title=&#8221;\u201eNa Kolonii\u201d &#8211; gospodarstwo agroturystyczne&#8221; image=&#8221;http:\/\/umtykocin.pl\/turysta\/wp-content\/uploads\/sites\/3\/2019\/12\/Na-kolonii.png&#8221; admin_label=&#8221;Notka&#8221; _builder_version=&#8221;4.0.9&#8243; header_text_align=&#8221;center&#8221; body_text_align=&#8221;justify&#8221; min_height=&#8221;268px&#8221; custom_margin=&#8221;23px|-17px||||&#8221; custom_padding=&#8221;22px|15px|22px|15px|true|true&#8221; box_shadow_style=&#8221;preset1&#8243;]<\/p>\n<p><i class=\"fas fa-map-marker-alt\"><\/i> Liczba miejsc: <span style=\"color: #009fe3\">6<\/span><br \/> Adres: Je\u017cewo Stare 16, 16-080 Tykocin<br \/> <i class=\"fas fa-mobile-alt\"><\/i> Tel: <a href=\"tel:(85)7197476\"><span style=\"color: #009fe3\">602 251 283<\/span><\/a><\/p>\n<p>[\/et_pb_blurb][et_pb_blurb title=&#8221;\u201eU Zosie\u0144ki\u201d &#8211; gospodarstwo agroturystyczne, pokoje, pole namiotowe, camping&#8221; image=&#8221;http:\/\/umtykocin.pl\/turysta\/wp-content\/uploads\/sites\/3\/2019\/12\/1.jpg&#8221; admin_label=&#8221;Notka&#8221; _builder_version=&#8221;4.0.9&#8243; header_text_align=&#8221;center&#8221; body_text_align=&#8221;justify&#8221; min_height=&#8221;268px&#8221; custom_margin=&#8221;23px|-17px||||&#8221; custom_padding=&#8221;30px|15px|30px|15px|true|true&#8221; box_shadow_style=&#8221;preset1&#8243;]<\/p>\n<p><i class=\"fas fa-map-marker-alt\"><\/i>Adres: Kol. Kaczorowo 40, 16-080 Tykocin<br \/> <i class=\"fas fa-mobile-alt\"><\/i> Tel: <a href=\"tel:(85)7197476\"><span style=\"color: #009fe3\">(85) 718 77 19<\/span><\/a><br \/> <i class=\"fas fa-mobile-alt\"><\/i> Tel: <a href=\"tel:502332886\"><span style=\"color: #009fe3\">515 614 739<\/span><\/a><br \/> Email: <a href=\"mailto:regent@villaregent.eu\">agroturystyka_tykocin@wp.pl<\/a><\/p>\n<p>[\/et_pb_blurb][et_pb_blurb title=&#8221;\u201ePod Malin\u0105\u201d &#8211; kwatera agroturystyczna&#8221; image=&#8221;http:\/\/umtykocin.pl\/turysta\/wp-content\/uploads\/sites\/3\/2019\/12\/Pod-Malin\u0105.jpg&#8221; admin_label=&#8221;Notka&#8221; _builder_version=&#8221;4.0.9&#8243; header_text_align=&#8221;center&#8221; body_text_align=&#8221;justify&#8221; min_height=&#8221;268px&#8221; custom_margin=&#8221;23px|-17px||||&#8221; custom_padding=&#8221;30px|15px|30px|15px|true|true&#8221; box_shadow_style=&#8221;preset1&#8243;]<\/p>\n<p><i class=\"fas fa-map-marker-alt\"><\/i> Liczba miejsc: <span style=\"color: #009fe3\">6<\/span><br \/> Adres: Rz\u0119dziany 52A, 16-080 Tykocin<br \/> <i class=\"fas fa-mobile-alt\"><\/i> Tel: <a href=\"tel:723472438\"><span style=\"color: #009fe3\"><\/span><\/a><a href=\"tel:723472438\"><span style=\"color: #009fe3\">723 472 438<\/span><\/a><br \/> <i class=\"fas fa-mobile-alt\"><\/i> Tel: <a href=\"tel:723472438\"><span style=\"color: #009fe3\"><\/span><\/a><a href=\"tel:797989802\"><span style=\"color: #009fe3\">797 989 802<\/span><\/a><\/p>\n<p>[\/et_pb_blurb][et_pb_blurb title=&#8221;Apartamenty Sawino&#8221; image=&#8221;http:\/\/umtykocin.pl\/turysta\/wp-content\/uploads\/sites\/3\/2019\/12\/basen-apartamenty.jpg&#8221; admin_label=&#8221;Notka&#8221; _builder_version=&#8221;4.0.9&#8243; header_text_align=&#8221;center&#8221; body_text_align=&#8221;justify&#8221; min_height=&#8221;268px&#8221; custom_margin=&#8221;23px|-17px||||&#8221; custom_padding=&#8221;73px|15px|73px|15px|true|true&#8221; box_shadow_style=&#8221;preset1&#8243;]<\/p>\n<p><i class=\"fas fa-map-marker-alt\"><\/i> Liczba miejsc: <span style=\"color: #009fe3\">12<\/span><br \/> Adres: Sawino 4, 16-080 Tykocin<br \/> <i class=\"fas fa-mobile-alt\"><\/i> Tel: <a href=\"tel:(85)7197476\"><span style=\"color: #009fe3\">603 539 283<\/span><\/a><\/p>\n<p>[\/et_pb_blurb][\/et_pb_column][et_pb_column type=&#8221;1_4&#8243; _builder_version=&#8221;3.26.1&#8243;][et_pb_blurb title=&#8221;Apartament Loft \u201ePRL\u201d&#8221; image=&#8221;http:\/\/umtykocin.pl\/turysta\/wp-content\/uploads\/sites\/3\/2019\/12\/Loft-PRL.jpg&#8221; admin_label=&#8221;Notka&#8221; _builder_version=&#8221;4.0.9&#8243; header_text_align=&#8221;center&#8221; body_text_align=&#8221;justify&#8221; min_height=&#8221;363px&#8221; custom_padding=&#8221;0px|15px|0px|15px|true|true&#8221; box_shadow_style=&#8221;preset1&#8243;]<i class=\"fas fa-map-marker-alt\"><\/i>Liczba miejsc: <span style=\"color: #009fe3\">4<\/span><br \/>\nAdres: ul. Kaczorowska 5\/2, 16-080 Tykocin<\/p>\n<p><i class=\"fas fa-mobile-alt\"><\/i> Tel: <a href=\"tel:609493971\"><span style=\"color: #009fe3\">609 493 971<\/span><\/a><br \/>\nEmail: <a href=\"mailto:chojnowska@onet.pl\">chojnowska@onet.pl<\/a><br \/>\n[\/et_pb_blurb][et_pb_blurb title=&#8221;\u201ePod D\u0119bem\u201d&#8221; image=&#8221;http:\/\/umtykocin.pl\/turysta\/wp-content\/uploads\/sites\/3\/2019\/12\/Pod-D\u0119bem.jpg&#8221; admin_label=&#8221;Notka&#8221; _builder_version=&#8221;4.0.9&#8243; header_text_align=&#8221;center&#8221; body_text_align=&#8221;justify&#8221; min_height=&#8221;394px&#8221; custom_margin=&#8221;11px|7px||||&#8221; custom_padding=&#8221;15px|15px|15px|15px|true|true&#8221; box_shadow_style=&#8221;preset1&#8243;]<\/p>\n<p><i class=\"fas fa-map-marker-alt\"><\/i> Liczba miejsc: <span style=\"color: #009fe3\">12<\/span><br \/> Adres: ul. Soko\u0142owska 4, 16-080 Tykocin<\/p>\n<p><i class=\"fas fa-mobile-alt\"><\/i> Tel: <a href=\"tel:508474758\"><span style=\"color: #009fe3\">508 474 758<\/span><\/a><\/p>\n<p><a href=\"mailto:ewa.dabrowska10@gmailcom\">ewa.dabrowska10@gmail.com<\/a><\/p>\n<p><a href=\"http:\/\/www.poddebem-tykocin.pl\" target=\"_blank\" rel=\"noopener noreferrer\">Czytaj wi\u0119cej&#8230;<\/a><\/p>\n<p>&nbsp;<\/p>\n<p>[\/et_pb_blurb][et_pb_blurb title=&#8221;\u201eU Kowala\u201d&#8221; image=&#8221;http:\/\/umtykocin.pl\/turysta\/wp-content\/uploads\/sites\/3\/2019\/12\/U-kowala.jpg&#8221; admin_label=&#8221;Notka&#8221; _builder_version=&#8221;4.0.9&#8243; header_text_align=&#8221;center&#8221; body_text_align=&#8221;justify&#8221; min_height=&#8221;293px&#8221; custom_margin=&#8221;23px|-17px||||&#8221; custom_padding=&#8221;30px|15px|30px|15px|true|true&#8221; box_shadow_style=&#8221;preset1&#8243;]<i class=\"fas fa-map-marker-alt\"><\/i> Liczba miejsc: <span style=\"color: #009fe3\">6<\/span><br \/>\nAdres: ul. Jordyka 20, 16-080 Tykocin<br \/> <i class=\"fas fa-mobile-alt\"><\/i> Tel: <a href=\"tel:(85)7197476\"><span style=\"color: #009fe3\">(85) 718 16 90<\/span><\/a><\/p>\n<p>[\/et_pb_blurb][et_pb_blurb title=&#8221;\u201eDworek nad \u0141\u0105kami\u201d, \u201eCzworaki\u201d, Karczma \u201eRzym\u201d i Zamek \u201eJantarowy Kasztan\u201d&#8221; image=&#8221;http:\/\/umtykocin.pl\/turysta\/wp-content\/uploads\/sites\/3\/2019\/12\/zamek.jpg&#8221; admin_label=&#8221;Notka&#8221; _builder_version=&#8221;4.0.9&#8243; header_text_align=&#8221;center&#8221; body_text_align=&#8221;justify&#8221; min_height=&#8221;127px&#8221; custom_margin=&#8221;23px|-17px||||&#8221; custom_padding=&#8221;0px|15px|0px|15px|true|true&#8221; box_shadow_style=&#8221;preset1&#8243;]<\/p>\n<p><i class=\"fas fa-map-marker-alt\"><\/i> Liczba miejsc: <span style=\"color: #009fe3\">83<\/span><br \/> Adres: Kiermusy 12, 16-080 Tykocin<br \/> <i class=\"fas fa-mobile-alt\"><\/i> Tel: <a href=\"tel:(85)7197476\"><span style=\"color: #009fe3\">(85) 718 70 79<\/span><\/a><br \/> <i class=\"fas fa-mobile-alt\"><\/i> Tel: <a href=\"tel:502332886\"><span style=\"color: #009fe3\">(85) 744 65 04<\/span><\/a><br \/> Email: <a href=\"mailto:regent@villaregent.eu\">promocja@kiermusy.com.pl<\/a><br \/> <a href=\"http:\/\/kiermusy.com.pl\" target=\"_blank\" rel=\"noopener noreferrer\">Czytaj wi\u0119cej&#8230;<\/a><\/p>\n<p>[\/et_pb_blurb][et_pb_blurb title=&#8221;\u201eMalowane wrota\u201d &#8211; kwatera agroturystyczna&#8221; image=&#8221;http:\/\/umtykocin.pl\/turysta\/wp-content\/uploads\/sites\/3\/2019\/12\/foto-staw.jpg&#8221; admin_label=&#8221;Notka&#8221; _builder_version=&#8221;4.0.9&#8243; header_text_align=&#8221;center&#8221; body_text_align=&#8221;justify&#8221; width=&#8221;113.2%&#8221; min_height=&#8221;268px&#8221; custom_margin=&#8221;23px|-43px||||&#8221; custom_padding=&#8221;30px|12px|30px|12px|true|true&#8221; box_shadow_style=&#8221;preset1&#8243;]<\/p>\n<p><i class=\"fas fa-map-marker-alt\"><\/i> Liczba miejsc: <span style=\"color: #009fe3\">13<\/span><br \/> Adres: \u0141azy Ma\u0142e 13, 16-080 Tykocin<br \/> <i class=\"fas fa-mobile-alt\"><\/i> Tel: <a href=\"tel:(85)7197476\"><span style=\"color: #009fe3\">604 612 935<\/span><\/a><br \/> Email: <a href=\"mailto:regent@villaregent.eu\">rezerwacje@malowanewrota.com.pl<\/a><\/p>\n<p>[\/et_pb_blurb][et_pb_blurb title=&#8221;\u201eSzlachecka zagroda\u201d &#8211; kwatera agroturystyczna&#8221; image=&#8221;http:\/\/umtykocin.pl\/turysta\/wp-content\/uploads\/sites\/3\/2019\/12\/Szlechecka-zagroda.jpg&#8221; admin_label=&#8221;Notka&#8221; _builder_version=&#8221;4.0.9&#8243; header_text_align=&#8221;center&#8221; body_text_align=&#8221;justify&#8221; min_height=&#8221;268px&#8221; custom_margin=&#8221;23px|-17px||||&#8221; custom_padding=&#8221;30px|15px|30px|15px|true|true&#8221; box_shadow_style=&#8221;preset1&#8243;]<\/p>\n<p><i class=\"fas fa-map-marker-alt\"><\/i> Liczba miejsc: <span style=\"color: #009fe3\">3 pokoje 1-2-3-osobowe i salon 2-osobowy<\/span><br \/> Adres: Rz\u0119dziany 13, 16-080 Tykocin<br \/> <i class=\"fas fa-mobile-alt\"><\/i> Tel: <a href=\"tel:(85)7197476\"><span style=\"color: #009fe3\">668 846 656<\/span><\/a><br \/> Email: <a href=\"mailto:regent@villaregent.eu\">szlacheckazagroda@op.pl<\/a><\/p>\n<p>[\/et_pb_blurb][et_pb_blurb title=&#8221;\u201eU Jag\u00f3dki\u201d &#8211; kwatera agroturystyczna&#8221; image=&#8221;http:\/\/umtykocin.pl\/turysta\/wp-content\/uploads\/sites\/3\/2019\/12\/U-Jag\u00f3dki.jpg&#8221; admin_label=&#8221;Notka&#8221; _builder_version=&#8221;4.0.9&#8243; header_text_align=&#8221;center&#8221; body_text_align=&#8221;justify&#8221; min_height=&#8221;268px&#8221; custom_margin=&#8221;23px|-17px||||&#8221; custom_padding=&#8221;91px|15px|91px|15px|true|true&#8221; box_shadow_style=&#8221;preset1&#8243;]<\/p>\n<p><i class=\"fas fa-map-marker-alt\"><\/i> Liczba miejsc:\u00a0<span style=\"color: #009fe3\">12<\/span><br \/> Adres: Sawino 12A, 16-080 Tykocin<br \/> <i class=\"fas fa-mobile-alt\"><\/i> Tel: <a href=\"tel:(85)7197476\"><span style=\"color: #009fe3\">603 539 283<\/span><\/a><\/p>\n<p>[\/et_pb_blurb][\/et_pb_column][\/et_pb_row][et_pb_row _builder_version=&#8221;4.3.4&#8243;][et_pb_column type=&#8221;4_4&#8243; _builder_version=&#8221;4.3.4&#8243;][et_pb_slider _builder_version=&#8221;4.3.4&#8243; animation_style=&#8221;fade&#8221;][et_pb_slide heading=&#8221;Apartament \u201e U Zdzisia\u201d&#8221; _builder_version=&#8221;4.3.4&#8243; background_color=&#8221;#ffffff&#8221; background_enable_color=&#8221;on&#8221; background_layout=&#8221;light&#8221; link_option_url=&#8221;http:\/\/umtykocin.pl\/turysta\/apartament-u-zdzisia\/&#8221; link_option_url_new_window=&#8221;on&#8221; text_shadow_style=&#8221;preset4&#8243;]<\/p>\n<p><img loading=\"lazy\" decoding=\"async\" class=\"wp-image-206 aligncenter size-full\" src=\"http:\/\/umtykocin.pl\/turysta\/wp-content\/uploads\/sites\/3\/2019\/07\/Apartament-U-Zdzisiaj-2.jpeg\" alt=\"\" width=\"1920\" height=\"1080\" srcset=\"http:\/\/umtykocin.pl\/turysta\/wp-content\/uploads\/sites\/3\/2019\/07\/Apartament-U-Zdzisiaj-2.jpeg 1920w, http:\/\/umtykocin.pl\/turysta\/wp-content\/uploads\/sites\/3\/2019\/07\/Apartament-U-Zdzisiaj-2-300x169.jpeg 300w, http:\/\/umtykocin.pl\/turysta\/wp-content\/uploads\/sites\/3\/2019\/07\/Apartament-U-Zdzisiaj-2-768x432.jpeg 768w, http:\/\/umtykocin.pl\/turysta\/wp-content\/uploads\/sites\/3\/2019\/07\/Apartament-U-Zdzisiaj-2-1024x576.jpeg 1024w, http:\/\/umtykocin.pl\/turysta\/wp-content\/uploads\/sites\/3\/2019\/07\/Apartament-U-Zdzisiaj-2-1080x608.jpeg 1080w\" sizes=\"(max-width: 1920px) 100vw, 1920px\" \/><\/p>\n<p>[\/et_pb_slide][\/et_pb_slider][et_pb_slider _builder_version=&#8221;4.3.4&#8243; animation_style=&#8221;fade&#8221;][et_pb_slide heading=&#8221;Alumnat&#8221; _builder_version=&#8221;4.3.4&#8243; background_color=&#8221;#ffffff&#8221; background_enable_color=&#8221;on&#8221; background_layout=&#8221;light&#8221; link_option_url=&#8221;http:\/\/umtykocin.pl\/turysta\/alumnat-2\/&#8221; link_option_url_new_window=&#8221;on&#8221; text_shadow_style=&#8221;preset4&#8243;]<\/p>\n<p><img loading=\"lazy\" decoding=\"async\" class=\"wp-image-497 aligncenter size-full\" src=\"http:\/\/umtykocin.pl\/turysta\/wp-content\/uploads\/sites\/3\/2019\/12\/ASN3789.jpg\" alt=\"\" width=\"2400\" height=\"1607\" srcset=\"http:\/\/umtykocin.pl\/turysta\/wp-content\/uploads\/sites\/3\/2019\/12\/ASN3789.jpg 2400w, http:\/\/umtykocin.pl\/turysta\/wp-content\/uploads\/sites\/3\/2019\/12\/ASN3789-300x201.jpg 300w, http:\/\/umtykocin.pl\/turysta\/wp-content\/uploads\/sites\/3\/2019\/12\/ASN3789-768x514.jpg 768w, http:\/\/umtykocin.pl\/turysta\/wp-content\/uploads\/sites\/3\/2019\/12\/ASN3789-1024x686.jpg 1024w, http:\/\/umtykocin.pl\/turysta\/wp-content\/uploads\/sites\/3\/2019\/12\/ASN3789-1080x723.jpg 1080w\" sizes=\"(max-width: 2400px) 100vw, 2400px\" \/><\/p>\n<p>[\/et_pb_slide][\/et_pb_slider][et_pb_slider _builder_version=&#8221;4.3.4&#8243; animation_style=&#8221;fade&#8221;][et_pb_slide heading=&#8221;Apartament&#8221; _builder_version=&#8221;4.3.4&#8243; background_color=&#8221;#ffffff&#8221; background_enable_color=&#8221;on&#8221; background_layout=&#8221;light&#8221; link_option_url=&#8221;http:\/\/umtykocin.pl\/turysta\/apartament\/&#8221; link_option_url_new_window=&#8221;on&#8221; text_shadow_style=&#8221;preset4&#8243;]<\/p>\n<p><img loading=\"lazy\" decoding=\"async\" class=\"wp-image-509 aligncenter size-full\" src=\"http:\/\/umtykocin.pl\/turysta\/wp-content\/uploads\/sites\/3\/2019\/12\/apartament.jpg\" alt=\"\" width=\"1024\" height=\"664\" srcset=\"http:\/\/umtykocin.pl\/turysta\/wp-content\/uploads\/sites\/3\/2019\/12\/apartament.jpg 1024w, http:\/\/umtykocin.pl\/turysta\/wp-content\/uploads\/sites\/3\/2019\/12\/apartament-300x195.jpg 300w, http:\/\/umtykocin.pl\/turysta\/wp-content\/uploads\/sites\/3\/2019\/12\/apartament-768x498.jpg 768w\" sizes=\"(max-width: 1024px) 100vw, 1024px\" \/><\/p>\n<p>[\/et_pb_slide][\/et_pb_slider][et_pb_slider _builder_version=&#8221;4.3.4&#8243; animation_style=&#8221;fade&#8221;][et_pb_slide heading=&#8221;Apartament Loft \u201ePRL\u201d&#8221; _builder_version=&#8221;4.3.4&#8243; background_color=&#8221;#ffffff&#8221; background_enable_color=&#8221;on&#8221; background_layout=&#8221;light&#8221; link_option_url=&#8221;http:\/\/umtykocin.pl\/turysta\/apartament-loft-prl\/&#8221; link_option_url_new_window=&#8221;on&#8221; text_shadow_style=&#8221;preset4&#8243;]<\/p>\n<p><img loading=\"lazy\" decoding=\"async\" class=\"wp-image-1527 aligncenter size-full\" src=\"http:\/\/umtykocin.pl\/turysta\/wp-content\/uploads\/sites\/3\/2020\/06\/185285473.jpg\" alt=\"\" width=\"1024\" height=\"768\" srcset=\"http:\/\/umtykocin.pl\/turysta\/wp-content\/uploads\/sites\/3\/2020\/06\/185285473.jpg 1024w, http:\/\/umtykocin.pl\/turysta\/wp-content\/uploads\/sites\/3\/2020\/06\/185285473-980x735.jpg 980w, http:\/\/umtykocin.pl\/turysta\/wp-content\/uploads\/sites\/3\/2020\/06\/185285473-480x360.jpg 480w\" sizes=\"(min-width: 0px) and (max-width: 480px) 480px, (min-width: 481px) and (max-width: 980px) 980px, (min-width: 981px) 1024px, 100vw\" \/><\/p>\n<p>[\/et_pb_slide][\/et_pb_slider][et_pb_slider _builder_version=&#8221;4.3.4&#8243; animation_style=&#8221;fade&#8221;][et_pb_slide heading=&#8221;Apartament B\u0142\u0119kit Nieba&#8221; _builder_version=&#8221;4.3.4&#8243; background_color=&#8221;#ffffff&#8221; background_enable_color=&#8221;on&#8221; background_layout=&#8221;light&#8221; link_option_url=&#8221;http:\/\/umtykocin.pl\/turysta\/apartament-blekit-nieba\/&#8221; link_option_url_new_window=&#8221;on&#8221; text_shadow_style=&#8221;preset4&#8243;]<\/p>\n<p><img loading=\"lazy\" decoding=\"async\" class=\"wp-image-1534 aligncenter size-full\" src=\"http:\/\/umtykocin.pl\/turysta\/wp-content\/uploads\/sites\/3\/2020\/06\/150948988.jpg\" alt=\"\" width=\"1024\" height=\"768\" srcset=\"http:\/\/umtykocin.pl\/turysta\/wp-content\/uploads\/sites\/3\/2020\/06\/150948988.jpg 1024w, http:\/\/umtykocin.pl\/turysta\/wp-content\/uploads\/sites\/3\/2020\/06\/150948988-980x735.jpg 980w, http:\/\/umtykocin.pl\/turysta\/wp-content\/uploads\/sites\/3\/2020\/06\/150948988-480x360.jpg 480w\" sizes=\"(min-width: 0px) and (max-width: 480px) 480px, (min-width: 481px) and (max-width: 980px) 980px, (min-width: 981px) 1024px, 100vw\" \/><\/p>\n<p>[\/et_pb_slide][\/et_pb_slider][et_pb_slider _builder_version=&#8221;4.3.4&#8243; animation_style=&#8221;fade&#8221;][et_pb_slide heading=&#8221;Austeria&#8221; _builder_version=&#8221;4.3.4&#8243; background_color=&#8221;#ffffff&#8221; background_enable_color=&#8221;on&#8221; background_layout=&#8221;light&#8221; link_option_url=&#8221;http:\/\/umtykocin.pl\/turysta\/austeria\/&#8221; link_option_url_new_window=&#8221;on&#8221; text_shadow_style=&#8221;preset4&#8243;]<\/p>\n<p><img loading=\"lazy\" decoding=\"async\" class=\"wp-image-564 aligncenter size-full\" src=\"http:\/\/umtykocin.pl\/turysta\/wp-content\/uploads\/sites\/3\/2019\/12\/Austeria.jpg\" alt=\"\" width=\"3216\" height=\"2136\" srcset=\"http:\/\/umtykocin.pl\/turysta\/wp-content\/uploads\/sites\/3\/2019\/12\/Austeria.jpg 3216w, http:\/\/umtykocin.pl\/turysta\/wp-content\/uploads\/sites\/3\/2019\/12\/Austeria-300x199.jpg 300w, http:\/\/umtykocin.pl\/turysta\/wp-content\/uploads\/sites\/3\/2019\/12\/Austeria-768x510.jpg 768w, http:\/\/umtykocin.pl\/turysta\/wp-content\/uploads\/sites\/3\/2019\/12\/Austeria-1024x680.jpg 1024w, http:\/\/umtykocin.pl\/turysta\/wp-content\/uploads\/sites\/3\/2019\/12\/Austeria-1080x717.jpg 1080w\" sizes=\"(max-width: 3216px) 100vw, 3216px\" \/><\/p>\n<p>[\/et_pb_slide][\/et_pb_slider][et_pb_slider _builder_version=&#8221;4.3.4&#8243; animation_style=&#8221;fade&#8221;][et_pb_slide heading=&#8221;Dom \u201ePod czarnym bocianem\u201d&#8221; _builder_version=&#8221;4.3.4&#8243; background_color=&#8221;#ffffff&#8221; background_enable_color=&#8221;on&#8221; background_layout=&#8221;light&#8221; link_option_url=&#8221;http:\/\/umtykocin.pl\/turysta\/dom-pod-czarnym-bocianem\/&#8221; link_option_url_new_window=&#8221;on&#8221; text_shadow_style=&#8221;preset4&#8243;]<\/p>\n<p><img loading=\"lazy\" decoding=\"async\" class=\"wp-image-700 aligncenter size-full\" src=\"http:\/\/umtykocin.pl\/turysta\/wp-content\/uploads\/sites\/3\/2019\/12\/Pod-czarnym-bocianem.jpg\" alt=\"\" width=\"839\" height=\"462\" srcset=\"http:\/\/umtykocin.pl\/turysta\/wp-content\/uploads\/sites\/3\/2019\/12\/Pod-czarnym-bocianem.jpg 839w, http:\/\/umtykocin.pl\/turysta\/wp-content\/uploads\/sites\/3\/2019\/12\/Pod-czarnym-bocianem-480x264.jpg 480w\" sizes=\"(min-width: 0px) and (max-width: 480px) 480px, (min-width: 481px) 839px, 100vw\" \/><\/p>\n<p>[\/et_pb_slide][\/et_pb_slider][et_pb_slider _builder_version=&#8221;4.3.4&#8243; animation_style=&#8221;fade&#8221;][et_pb_slide heading=&#8221;\u201ePod D\u0119bem\u201d&#8221; _builder_version=&#8221;4.3.4&#8243; background_color=&#8221;#ffffff&#8221; background_enable_color=&#8221;on&#8221; background_layout=&#8221;light&#8221; link_option_url=&#8221;http:\/\/umtykocin.pl\/turysta\/pod-debem\/&#8221; link_option_url_new_window=&#8221;on&#8221; text_shadow_style=&#8221;preset4&#8243;]<\/p>\n<p><img loading=\"lazy\" decoding=\"async\" class=\"wp-image-584 aligncenter size-full\" src=\"http:\/\/umtykocin.pl\/turysta\/wp-content\/uploads\/sites\/3\/2019\/12\/Pod-D\u0119bem.jpg\" alt=\"\" width=\"800\" height=\"363\" srcset=\"http:\/\/umtykocin.pl\/turysta\/wp-content\/uploads\/sites\/3\/2019\/12\/Pod-D\u0119bem.jpg 800w, http:\/\/umtykocin.pl\/turysta\/wp-content\/uploads\/sites\/3\/2019\/12\/Pod-D\u0119bem-300x136.jpg 300w, http:\/\/umtykocin.pl\/turysta\/wp-content\/uploads\/sites\/3\/2019\/12\/Pod-D\u0119bem-768x348.jpg 768w, http:\/\/umtykocin.pl\/turysta\/wp-content\/uploads\/sites\/3\/2019\/12\/Pod-D\u0119bem-480x218.jpg 480w\" sizes=\"(max-width: 800px) 100vw, 800px\" \/><\/p>\n<p>[\/et_pb_slide][\/et_pb_slider][et_pb_slider _builder_version=&#8221;4.3.4&#8243; animation_style=&#8221;fade&#8221;][et_pb_slide heading=&#8221;\u201eDomek wiejski\u201d&#8221; _builder_version=&#8221;4.3.4&#8243; background_color=&#8221;#ffffff&#8221; background_enable_color=&#8221;on&#8221; background_layout=&#8221;light&#8221; link_option_url=&#8221;http:\/\/umtykocin.pl\/turysta\/domek-wiejski\/&#8221; link_option_url_new_window=&#8221;on&#8221; text_shadow_style=&#8221;preset4&#8243;]<\/p>\n<p><img loading=\"lazy\" decoding=\"async\" class=\"wp-image-594 aligncenter size-full\" src=\"http:\/\/umtykocin.pl\/turysta\/wp-content\/uploads\/sites\/3\/2019\/12\/received_217347555854627.jpeg\" alt=\"\" width=\"1728\" height=\"1296\" srcset=\"http:\/\/umtykocin.pl\/turysta\/wp-content\/uploads\/sites\/3\/2019\/12\/received_217347555854627.jpeg 1728w, http:\/\/umtykocin.pl\/turysta\/wp-content\/uploads\/sites\/3\/2019\/12\/received_217347555854627-1280x960.jpeg 1280w, http:\/\/umtykocin.pl\/turysta\/wp-content\/uploads\/sites\/3\/2019\/12\/received_217347555854627-980x735.jpeg 980w, http:\/\/umtykocin.pl\/turysta\/wp-content\/uploads\/sites\/3\/2019\/12\/received_217347555854627-480x360.jpeg 480w\" sizes=\"(min-width: 0px) and (max-width: 480px) 480px, (min-width: 481px) and (max-width: 980px) 980px, (min-width: 981px) and (max-width: 1280px) 1280px, (min-width: 1281px) 1728px, 100vw\" \/><\/p>\n<p>[\/et_pb_slide][\/et_pb_slider][et_pb_slider _builder_version=&#8221;4.3.4&#8243; animation_style=&#8221;fade&#8221;][et_pb_slide heading=&#8221;\u201eVilla Regent\u201d&#8221; _builder_version=&#8221;4.3.4&#8243; background_color=&#8221;#ffffff&#8221; background_enable_color=&#8221;on&#8221; background_layout=&#8221;light&#8221; link_option_url=&#8221;http:\/\/umtykocin.pl\/turysta\/villa-regent-2\/&#8221; link_option_url_new_window=&#8221;on&#8221; text_shadow_style=&#8221;preset4&#8243;]<\/p>\n<p><img loading=\"lazy\" decoding=\"async\" class=\"wp-image-611 aligncenter size-full\" src=\"http:\/\/umtykocin.pl\/turysta\/wp-content\/uploads\/sites\/3\/2019\/12\/pok\u00f3j-scaled.jpg\" alt=\"\" width=\"2560\" height=\"1704\" srcset=\"http:\/\/umtykocin.pl\/turysta\/wp-content\/uploads\/sites\/3\/2019\/12\/pok\u00f3j-scaled.jpg 2560w, http:\/\/umtykocin.pl\/turysta\/wp-content\/uploads\/sites\/3\/2019\/12\/pok\u00f3j-300x200.jpg 300w, http:\/\/umtykocin.pl\/turysta\/wp-content\/uploads\/sites\/3\/2019\/12\/pok\u00f3j-1024x682.jpg 1024w, http:\/\/umtykocin.pl\/turysta\/wp-content\/uploads\/sites\/3\/2019\/12\/pok\u00f3j-768x511.jpg 768w, http:\/\/umtykocin.pl\/turysta\/wp-content\/uploads\/sites\/3\/2019\/12\/pok\u00f3j-1536x1022.jpg 1536w, http:\/\/umtykocin.pl\/turysta\/wp-content\/uploads\/sites\/3\/2019\/12\/pok\u00f3j-2048x1363.jpg 2048w, http:\/\/umtykocin.pl\/turysta\/wp-content\/uploads\/sites\/3\/2019\/12\/pok\u00f3j-1080x719.jpg 1080w, http:\/\/umtykocin.pl\/turysta\/wp-content\/uploads\/sites\/3\/2019\/12\/pok\u00f3j-1280x852.jpg 1280w, http:\/\/umtykocin.pl\/turysta\/wp-content\/uploads\/sites\/3\/2019\/12\/pok\u00f3j-980x652.jpg 980w, http:\/\/umtykocin.pl\/turysta\/wp-content\/uploads\/sites\/3\/2019\/12\/pok\u00f3j-480x320.jpg 480w\" sizes=\"(max-width: 2560px) 100vw, 2560px\" \/><\/p>\n<p>[\/et_pb_slide][\/et_pb_slider][et_pb_slider _builder_version=&#8221;4.3.4&#8243; animation_style=&#8221;fade&#8221;][et_pb_slide heading=&#8221;Zamek w Tykocinie&#8221; _builder_version=&#8221;4.3.4&#8243; background_color=&#8221;#ffffff&#8221; background_enable_color=&#8221;on&#8221; background_layout=&#8221;light&#8221; link_option_url=&#8221;http:\/\/umtykocin.pl\/turysta\/zamek-w-tykocinie\/&#8221; link_option_url_new_window=&#8221;on&#8221; text_shadow_style=&#8221;preset4&#8243;]<\/p>\n<p><img loading=\"lazy\" decoding=\"async\" class=\"wp-image-641 aligncenter size-full\" src=\"http:\/\/umtykocin.pl\/turysta\/wp-content\/uploads\/sites\/3\/2019\/12\/zamek-3.jpg\" alt=\"\" width=\"800\" height=\"534\" srcset=\"http:\/\/umtykocin.pl\/turysta\/wp-content\/uploads\/sites\/3\/2019\/12\/zamek-3.jpg 800w, http:\/\/umtykocin.pl\/turysta\/wp-content\/uploads\/sites\/3\/2019\/12\/zamek-3-480x320.jpg 480w\" sizes=\"(min-width: 0px) and (max-width: 480px) 480px, (min-width: 481px) 800px, 100vw\" \/><\/p>\n<p>[\/et_pb_slide][\/et_pb_slider][et_pb_slider _builder_version=&#8221;4.3.4&#8243; animation_style=&#8221;fade&#8221;][et_pb_slide heading=&#8221;\u201eAtlanta\u201d&#8221; _builder_version=&#8221;4.3.4&#8243; background_color=&#8221;#ffffff&#8221; background_enable_color=&#8221;on&#8221; background_layout=&#8221;light&#8221; link_option_url=&#8221;http:\/\/umtykocin.pl\/turysta\/atlanta\/&#8221; link_option_url_new_window=&#8221;on&#8221; text_shadow_style=&#8221;preset4&#8243;]<\/p>\n<p><img loading=\"lazy\" decoding=\"async\" class=\"wp-image-644 aligncenter size-full\" src=\"http:\/\/umtykocin.pl\/turysta\/wp-content\/uploads\/sites\/3\/2019\/12\/Atlanta-scaled.jpg\" alt=\"\" width=\"2560\" height=\"1358\" srcset=\"http:\/\/umtykocin.pl\/turysta\/wp-content\/uploads\/sites\/3\/2019\/12\/Atlanta-scaled.jpg 2560w, http:\/\/umtykocin.pl\/turysta\/wp-content\/uploads\/sites\/3\/2019\/12\/Atlanta-1280x679.jpg 1280w, http:\/\/umtykocin.pl\/turysta\/wp-content\/uploads\/sites\/3\/2019\/12\/Atlanta-980x520.jpg 980w, http:\/\/umtykocin.pl\/turysta\/wp-content\/uploads\/sites\/3\/2019\/12\/Atlanta-480x255.jpg 480w\" sizes=\"(min-width: 0px) and (max-width: 480px) 480px, (min-width: 481px) and (max-width: 980px) 980px, (min-width: 981px) and (max-width: 1280px) 1280px, (min-width: 1281px) 2560px, 100vw\" \/><\/p>\n<p>[\/et_pb_slide][\/et_pb_slider][et_pb_slider _builder_version=&#8221;4.3.4&#8243; animation_style=&#8221;fade&#8221;][et_pb_slide heading=&#8221;\u201eNa Kolonii\u201d &#8211; gospodarstwo agroturystyczne&#8221; _builder_version=&#8221;4.3.4&#8243; background_color=&#8221;#ffffff&#8221; background_enable_color=&#8221;on&#8221; background_layout=&#8221;light&#8221; link_option_url=&#8221;http:\/\/umtykocin.pl\/turysta\/na-kolonii-gospodarstwo-agroturystyczne\/&#8221; link_option_url_new_window=&#8221;on&#8221; text_shadow_style=&#8221;preset4&#8243;]<\/p>\n<p><img loading=\"lazy\" decoding=\"async\" class=\"wp-image-697 aligncenter size-full\" src=\"http:\/\/umtykocin.pl\/turysta\/wp-content\/uploads\/sites\/3\/2019\/12\/Na-kolonii.png\" alt=\"\" width=\"612\" height=\"459\" srcset=\"http:\/\/umtykocin.pl\/turysta\/wp-content\/uploads\/sites\/3\/2019\/12\/Na-kolonii.png 612w, http:\/\/umtykocin.pl\/turysta\/wp-content\/uploads\/sites\/3\/2019\/12\/Na-kolonii-480x360.png 480w\" sizes=\"(min-width: 0px) and (max-width: 480px) 480px, (min-width: 481px) 612px, 100vw\" \/><\/p>\n<p>[\/et_pb_slide][\/et_pb_slider][et_pb_slider _builder_version=&#8221;4.3.4&#8243; animation_style=&#8221;fade&#8221;][et_pb_slide heading=&#8221;\u201eDworek nad \u0141\u0105kami\u201d, \u201eCzworaki\u201d, Karczma \u201eRzym\u201d i Zamek \u201eJantarowy Kasztan\u201d&#8221; _builder_version=&#8221;4.3.4&#8243; background_color=&#8221;#ffffff&#8221; background_enable_color=&#8221;on&#8221; background_layout=&#8221;light&#8221; link_option_url=&#8221;http:\/\/umtykocin.pl\/turysta\/dworek-nad-lakami-czworaki-karczma-rzym-i-zamek-jantarowy-kasztan\/&#8221; link_option_url_new_window=&#8221;on&#8221; text_shadow_style=&#8221;preset4&#8243;]<\/p>\n<p><img loading=\"lazy\" decoding=\"async\" class=\"wp-image-649 aligncenter size-full\" src=\"http:\/\/umtykocin.pl\/turysta\/wp-content\/uploads\/sites\/3\/2019\/12\/zamek.jpg\" alt=\"\" width=\"1024\" height=\"682\" srcset=\"http:\/\/umtykocin.pl\/turysta\/wp-content\/uploads\/sites\/3\/2019\/12\/zamek.jpg 1024w, http:\/\/umtykocin.pl\/turysta\/wp-content\/uploads\/sites\/3\/2019\/12\/zamek-980x653.jpg 980w, http:\/\/umtykocin.pl\/turysta\/wp-content\/uploads\/sites\/3\/2019\/12\/zamek-480x320.jpg 480w\" sizes=\"(min-width: 0px) and (max-width: 480px) 480px, (min-width: 481px) and (max-width: 980px) 980px, (min-width: 981px) 1024px, 100vw\" \/><\/p>\n<p>[\/et_pb_slide][\/et_pb_slider][et_pb_slider _builder_version=&#8221;4.3.4&#8243; animation_style=&#8221;fade&#8221;][et_pb_slide heading=&#8221;\u201eKurnik Polski\u201d &#8211; gospodarstwo agroturystyczne&#8221; _builder_version=&#8221;4.3.4&#8243; background_color=&#8221;#ffffff&#8221; background_enable_color=&#8221;on&#8221; background_layout=&#8221;light&#8221; link_option_url=&#8221;http:\/\/umtykocin.pl\/turysta\/kurnik-polski-gospodarstwo-agroturystyczne\/&#8221; link_option_url_new_window=&#8221;on&#8221; text_shadow_style=&#8221;preset4&#8243;]<\/p>\n<p><img loading=\"lazy\" decoding=\"async\" class=\"wp-image-1398 aligncenter size-full\" src=\"http:\/\/umtykocin.pl\/turysta\/wp-content\/uploads\/sites\/3\/2020\/06\/38603129.jpg\" alt=\"\" width=\"1024\" height=\"768\" srcset=\"http:\/\/umtykocin.pl\/turysta\/wp-content\/uploads\/sites\/3\/2020\/06\/38603129.jpg 1024w, http:\/\/umtykocin.pl\/turysta\/wp-content\/uploads\/sites\/3\/2020\/06\/38603129-980x735.jpg 980w, http:\/\/umtykocin.pl\/turysta\/wp-content\/uploads\/sites\/3\/2020\/06\/38603129-480x360.jpg 480w\" sizes=\"(min-width: 0px) and (max-width: 480px) 480px, (min-width: 481px) and (max-width: 980px) 980px, (min-width: 981px) 1024px, 100vw\" \/><\/p>\n<p>[\/et_pb_slide][\/et_pb_slider][et_pb_slider _builder_version=&#8221;4.3.4&#8243; animation_style=&#8221;fade&#8221;][et_pb_slide heading=&#8221;\u201eU Zosie\u0144ki\u201d &#8211; gospodarstwo agroturystyczne, pokoje, pole namiotowe, camping&#8221; _builder_version=&#8221;4.3.4&#8243; background_color=&#8221;#ffffff&#8221; background_enable_color=&#8221;on&#8221; background_layout=&#8221;light&#8221; link_option_url=&#8221;http:\/\/umtykocin.pl\/turysta\/u-zosienki-gospodarstwo-agroturystyczne-pokoje-pole-namiotowe-camping\/&#8221; link_option_url_new_window=&#8221;on&#8221; text_shadow_style=&#8221;preset4&#8243;]<\/p>\n<p><img loading=\"lazy\" decoding=\"async\" class=\"wp-image-674 aligncenter size-full\" src=\"http:\/\/umtykocin.pl\/turysta\/wp-content\/uploads\/sites\/3\/2019\/12\/1.jpg\" alt=\"\" width=\"758\" height=\"759\" srcset=\"http:\/\/umtykocin.pl\/turysta\/wp-content\/uploads\/sites\/3\/2019\/12\/1.jpg 758w, http:\/\/umtykocin.pl\/turysta\/wp-content\/uploads\/sites\/3\/2019\/12\/1-480x481.jpg 480w\" sizes=\"(min-width: 0px) and (max-width: 480px) 480px, (min-width: 481px) 758px, 100vw\" \/><\/p>\n<p>[\/et_pb_slide][\/et_pb_slider][et_pb_slider _builder_version=&#8221;4.3.4&#8243; animation_style=&#8221;fade&#8221;][et_pb_slide heading=&#8221;\u201eMalowane wrota\u201d &#8211; kwatera agroturystyczna&#8221; _builder_version=&#8221;4.3.4&#8243; background_color=&#8221;#ffffff&#8221; background_enable_color=&#8221;on&#8221; background_layout=&#8221;light&#8221; link_option_url=&#8221;http:\/\/umtykocin.pl\/turysta\/malowane-wrota-kwatera-agroturystyczna\/&#8221; link_option_url_new_window=&#8221;on&#8221; text_shadow_style=&#8221;preset4&#8243;]<\/p>\n<p><img loading=\"lazy\" decoding=\"async\" class=\"wp-image-663 aligncenter size-full\" src=\"http:\/\/umtykocin.pl\/turysta\/wp-content\/uploads\/sites\/3\/2019\/12\/foto-staw.jpg\" alt=\"\" width=\"1200\" height=\"798\" srcset=\"http:\/\/umtykocin.pl\/turysta\/wp-content\/uploads\/sites\/3\/2019\/12\/foto-staw.jpg 1200w, http:\/\/umtykocin.pl\/turysta\/wp-content\/uploads\/sites\/3\/2019\/12\/foto-staw-980x652.jpg 980w, http:\/\/umtykocin.pl\/turysta\/wp-content\/uploads\/sites\/3\/2019\/12\/foto-staw-480x319.jpg 480w\" sizes=\"(min-width: 0px) and (max-width: 480px) 480px, (min-width: 481px) and (max-width: 980px) 980px, (min-width: 981px) 1200px, 100vw\" \/><\/p>\n<p>[\/et_pb_slide][\/et_pb_slider][et_pb_slider _builder_version=&#8221;4.3.4&#8243; animation_style=&#8221;fade&#8221;][et_pb_slide heading=&#8221;\u201eLe\u015bna Pszcz\u00f3\u0142ka\u201d &#8211; gospodarstwo agroturystyczne&#8221; _builder_version=&#8221;4.3.4&#8243; background_color=&#8221;#ffffff&#8221; background_enable_color=&#8221;on&#8221; background_layout=&#8221;light&#8221; link_option_url=&#8221;http:\/\/umtykocin.pl\/turysta\/lesna-pszczolka-gospodarstwo-agroturystyczne\/&#8221; link_option_url_new_window=&#8221;on&#8221; text_shadow_style=&#8221;preset4&#8243;]<\/p>\n<p><img loading=\"lazy\" decoding=\"async\" class=\"wp-image-670 aligncenter size-full\" src=\"http:\/\/umtykocin.pl\/turysta\/wp-content\/uploads\/sites\/3\/2019\/12\/Le\u015bna-Pszcz\u00f3\u0142ka.jpg\" alt=\"\" width=\"1361\" height=\"1021\" srcset=\"http:\/\/umtykocin.pl\/turysta\/wp-content\/uploads\/sites\/3\/2019\/12\/Le\u015bna-Pszcz\u00f3\u0142ka.jpg 1361w, http:\/\/umtykocin.pl\/turysta\/wp-content\/uploads\/sites\/3\/2019\/12\/Le\u015bna-Pszcz\u00f3\u0142ka-300x225.jpg 300w, http:\/\/umtykocin.pl\/turysta\/wp-content\/uploads\/sites\/3\/2019\/12\/Le\u015bna-Pszcz\u00f3\u0142ka-1024x768.jpg 1024w, http:\/\/umtykocin.pl\/turysta\/wp-content\/uploads\/sites\/3\/2019\/12\/Le\u015bna-Pszcz\u00f3\u0142ka-768x576.jpg 768w, http:\/\/umtykocin.pl\/turysta\/wp-content\/uploads\/sites\/3\/2019\/12\/Le\u015bna-Pszcz\u00f3\u0142ka-510x382.jpg 510w, http:\/\/umtykocin.pl\/turysta\/wp-content\/uploads\/sites\/3\/2019\/12\/Le\u015bna-Pszcz\u00f3\u0142ka-1080x810.jpg 1080w, http:\/\/umtykocin.pl\/turysta\/wp-content\/uploads\/sites\/3\/2019\/12\/Le\u015bna-Pszcz\u00f3\u0142ka-1280x960.jpg 1280w, http:\/\/umtykocin.pl\/turysta\/wp-content\/uploads\/sites\/3\/2019\/12\/Le\u015bna-Pszcz\u00f3\u0142ka-980x735.jpg 980w, http:\/\/umtykocin.pl\/turysta\/wp-content\/uploads\/sites\/3\/2019\/12\/Le\u015bna-Pszcz\u00f3\u0142ka-480x360.jpg 480w\" sizes=\"(max-width: 1361px) 100vw, 1361px\" \/><\/p>\n<p>[\/et_pb_slide][\/et_pb_slider][et_pb_slider _builder_version=&#8221;4.3.4&#8243; animation_style=&#8221;fade&#8221;][et_pb_slide heading=&#8221;\u201eDw\u00f3r Pentowo\u201d&#8221; _builder_version=&#8221;4.3.4&#8243; background_color=&#8221;#ffffff&#8221; background_enable_color=&#8221;on&#8221; background_layout=&#8221;light&#8221; link_option_url=&#8221;http:\/\/umtykocin.pl\/turysta\/dwor-pentowo\/&#8221; link_option_url_new_window=&#8221;on&#8221; text_shadow_style=&#8221;preset4&#8243;]<\/p>\n<p><img loading=\"lazy\" decoding=\"async\" class=\"wp-image-673 aligncenter size-full\" src=\"http:\/\/umtykocin.pl\/turysta\/wp-content\/uploads\/sites\/3\/2019\/12\/DSC_8363.jpg\" alt=\"\" width=\"800\" height=\"536\" srcset=\"http:\/\/umtykocin.pl\/turysta\/wp-content\/uploads\/sites\/3\/2019\/12\/DSC_8363.jpg 800w, http:\/\/umtykocin.pl\/turysta\/wp-content\/uploads\/sites\/3\/2019\/12\/DSC_8363-480x322.jpg 480w\" sizes=\"(min-width: 0px) and (max-width: 480px) 480px, (min-width: 481px) 800px, 100vw\" \/><\/p>\n<p>[\/et_pb_slide][\/et_pb_slider][et_pb_slider _builder_version=&#8221;4.3.4&#8243; animation_style=&#8221;fade&#8221;][et_pb_slide heading=&#8221;\u201ePod Malin\u0105\u201d &#8211; kwatera agroturystyczna&#8221; _builder_version=&#8221;4.3.4&#8243; background_color=&#8221;#ffffff&#8221; background_enable_color=&#8221;on&#8221; background_layout=&#8221;light&#8221; link_option_url=&#8221;http:\/\/umtykocin.pl\/turysta\/pod-malina-kwatera-agroturystyczna\/&#8221; link_option_url_new_window=&#8221;on&#8221; text_shadow_style=&#8221;preset4&#8243;]<\/p>\n<p><img loading=\"lazy\" decoding=\"async\" class=\"wp-image-691 aligncenter size-full\" src=\"http:\/\/umtykocin.pl\/turysta\/wp-content\/uploads\/sites\/3\/2019\/12\/Pod-Malin\u0105.jpg\" alt=\"\" width=\"850\" height=\"638\" srcset=\"http:\/\/umtykocin.pl\/turysta\/wp-content\/uploads\/sites\/3\/2019\/12\/Pod-Malin\u0105.jpg 850w, http:\/\/umtykocin.pl\/turysta\/wp-content\/uploads\/sites\/3\/2019\/12\/Pod-Malin\u0105-300x225.jpg 300w, http:\/\/umtykocin.pl\/turysta\/wp-content\/uploads\/sites\/3\/2019\/12\/Pod-Malin\u0105-768x576.jpg 768w, http:\/\/umtykocin.pl\/turysta\/wp-content\/uploads\/sites\/3\/2019\/12\/Pod-Malin\u0105-510x382.jpg 510w, http:\/\/umtykocin.pl\/turysta\/wp-content\/uploads\/sites\/3\/2019\/12\/Pod-Malin\u0105-480x360.jpg 480w\" sizes=\"(max-width: 850px) 100vw, 850px\" \/><\/p>\n<p>[\/et_pb_slide][\/et_pb_slider][et_pb_slider _builder_version=&#8221;4.3.4&#8243; animation_style=&#8221;fade&#8221;][et_pb_slide heading=&#8221;\u201eSzlachecka zagroda\u201d &#8211; kwatera agroturystyczna&#8221; _builder_version=&#8221;4.3.4&#8243; background_color=&#8221;#ffffff&#8221; background_enable_color=&#8221;on&#8221; background_layout=&#8221;light&#8221; link_option_url=&#8221;http:\/\/umtykocin.pl\/turysta\/szlachecka-zagroda-kwatera-agroturystyczna\/&#8221; link_option_url_new_window=&#8221;on&#8221; text_shadow_style=&#8221;preset4&#8243;]<\/p>\n<p><img loading=\"lazy\" decoding=\"async\" class=\"wp-image-678 aligncenter size-full\" src=\"http:\/\/umtykocin.pl\/turysta\/wp-content\/uploads\/sites\/3\/2019\/12\/Szlechecka-zagroda.jpg\" alt=\"\" width=\"1000\" height=\"560\" srcset=\"http:\/\/umtykocin.pl\/turysta\/wp-content\/uploads\/sites\/3\/2019\/12\/Szlechecka-zagroda.jpg 1000w, http:\/\/umtykocin.pl\/turysta\/wp-content\/uploads\/sites\/3\/2019\/12\/Szlechecka-zagroda-980x549.jpg 980w, http:\/\/umtykocin.pl\/turysta\/wp-content\/uploads\/sites\/3\/2019\/12\/Szlechecka-zagroda-480x269.jpg 480w\" sizes=\"(min-width: 0px) and (max-width: 480px) 480px, (min-width: 481px) and (max-width: 980px) 980px, (min-width: 981px) 1000px, 100vw\" \/><\/p>\n<p>[\/et_pb_slide][\/et_pb_slider][et_pb_slider _builder_version=&#8221;4.3.4&#8243; animation_style=&#8221;fade&#8221;][et_pb_slide heading=&#8221;\u201eU \u017bendziana\u201d &#8211; gospodarstwo agroturystyczne&#8221; _builder_version=&#8221;4.3.4&#8243; background_color=&#8221;#ffffff&#8221; background_enable_color=&#8221;on&#8221; background_layout=&#8221;light&#8221; link_option_url=&#8221;http:\/\/umtykocin.pl\/turysta\/u-zendziana-gospodarstwo-agroturystyczne\/&#8221; link_option_url_new_window=&#8221;on&#8221; text_shadow_style=&#8221;preset4&#8243;]<\/p>\n<p><img loading=\"lazy\" decoding=\"async\" class=\"wp-image-683 aligncenter size-full\" src=\"http:\/\/umtykocin.pl\/turysta\/wp-content\/uploads\/sites\/3\/2019\/12\/U-\u017bendziana.jpg\" alt=\"\" width=\"920\" height=\"692\" srcset=\"http:\/\/umtykocin.pl\/turysta\/wp-content\/uploads\/sites\/3\/2019\/12\/U-\u017bendziana.jpg 920w, http:\/\/umtykocin.pl\/turysta\/wp-content\/uploads\/sites\/3\/2019\/12\/U-\u017bendziana-300x226.jpg 300w, http:\/\/umtykocin.pl\/turysta\/wp-content\/uploads\/sites\/3\/2019\/12\/U-\u017bendziana-768x578.jpg 768w, http:\/\/umtykocin.pl\/turysta\/wp-content\/uploads\/sites\/3\/2019\/12\/U-\u017bendziana-480x361.jpg 480w\" sizes=\"(max-width: 920px) 100vw, 920px\" \/><\/p>\n<p>[\/et_pb_slide][\/et_pb_slider][et_pb_slider _builder_version=&#8221;4.3.4&#8243; animation_style=&#8221;fade&#8221;][et_pb_slide heading=&#8221;Kwatera agroturystyczna \u201eU Wojtka\u201d&#8221; _builder_version=&#8221;4.3.4&#8243; background_color=&#8221;#ffffff&#8221; background_enable_color=&#8221;on&#8221; background_layout=&#8221;light&#8221; link_option_url=&#8221;http:\/\/umtykocin.pl\/turysta\/kwatera-agroturystyczna-u-wojtka\/&#8221; link_option_url_new_window=&#8221;on&#8221; text_shadow_style=&#8221;preset4&#8243;]<\/p>\n<p><img loading=\"lazy\" decoding=\"async\" class=\"wp-image-684 aligncenter size-full\" src=\"http:\/\/umtykocin.pl\/turysta\/wp-content\/uploads\/sites\/3\/2019\/12\/U-Wojtka.jpg\" alt=\"\" width=\"1400\" height=\"932\" srcset=\"http:\/\/umtykocin.pl\/turysta\/wp-content\/uploads\/sites\/3\/2019\/12\/U-Wojtka.jpg 1400w, http:\/\/umtykocin.pl\/turysta\/wp-content\/uploads\/sites\/3\/2019\/12\/U-Wojtka-1280x852.jpg 1280w, http:\/\/umtykocin.pl\/turysta\/wp-content\/uploads\/sites\/3\/2019\/12\/U-Wojtka-980x652.jpg 980w, http:\/\/umtykocin.pl\/turysta\/wp-content\/uploads\/sites\/3\/2019\/12\/U-Wojtka-480x320.jpg 480w\" sizes=\"(min-width: 0px) and (max-width: 480px) 480px, (min-width: 481px) and (max-width: 980px) 980px, (min-width: 981px) and (max-width: 1280px) 1280px, (min-width: 1281px) 1400px, 100vw\" \/><\/p>\n<p>[\/et_pb_slide][\/et_pb_slider][et_pb_slider _builder_version=&#8221;4.3.4&#8243; animation_style=&#8221;fade&#8221;][et_pb_slide heading=&#8221;Apartamenty Sawino&#8221; _builder_version=&#8221;4.3.4&#8243; background_color=&#8221;#ffffff&#8221; background_enable_color=&#8221;on&#8221; background_layout=&#8221;light&#8221; link_option_url=&#8221;http:\/\/umtykocin.pl\/turysta\/apartamenty-sawino\/&#8221; link_option_url_new_window=&#8221;on&#8221; text_shadow_style=&#8221;preset4&#8243;]<\/p>\n<p><img loading=\"lazy\" decoding=\"async\" class=\"wp-image-688 aligncenter size-full\" src=\"http:\/\/umtykocin.pl\/turysta\/wp-content\/uploads\/sites\/3\/2019\/12\/basen-apartamenty.jpg\" alt=\"\" width=\"960\" height=\"528\" srcset=\"http:\/\/umtykocin.pl\/turysta\/wp-content\/uploads\/sites\/3\/2019\/12\/basen-apartamenty.jpg 960w, http:\/\/umtykocin.pl\/turysta\/wp-content\/uploads\/sites\/3\/2019\/12\/basen-apartamenty-480x264.jpg 480w\" sizes=\"(min-width: 0px) and (max-width: 480px) 480px, (min-width: 481px) 960px, 100vw\" \/><\/p>\n<p>[\/et_pb_slide][\/et_pb_slider][et_pb_slider _builder_version=&#8221;4.3.4&#8243; animation_style=&#8221;fade&#8221;][et_pb_slide heading=&#8221; \u201eU Jag\u00f3dki\u201d &#8211; kwatera agroturystyczna&#8221; _builder_version=&#8221;4.3.4&#8243; background_color=&#8221;#ffffff&#8221; background_enable_color=&#8221;on&#8221; background_layout=&#8221;light&#8221; link_option_url=&#8221;http:\/\/umtykocin.pl\/turysta\/u-jagodki-kwatera-agroturystyczna\/&#8221; link_option_url_new_window=&#8221;on&#8221; text_shadow_style=&#8221;preset4&#8243;]<\/p>\n<p><img loading=\"lazy\" decoding=\"async\" class=\"wp-image-685 aligncenter size-full\" src=\"http:\/\/umtykocin.pl\/turysta\/wp-content\/uploads\/sites\/3\/2019\/12\/U-Jag\u00f3dki.jpg\" alt=\"\" width=\"799\" height=\"551\" srcset=\"http:\/\/umtykocin.pl\/turysta\/wp-content\/uploads\/sites\/3\/2019\/12\/U-Jag\u00f3dki.jpg 799w, http:\/\/umtykocin.pl\/turysta\/wp-content\/uploads\/sites\/3\/2019\/12\/U-Jag\u00f3dki-300x207.jpg 300w, http:\/\/umtykocin.pl\/turysta\/wp-content\/uploads\/sites\/3\/2019\/12\/U-Jag\u00f3dki-768x530.jpg 768w, http:\/\/umtykocin.pl\/turysta\/wp-content\/uploads\/sites\/3\/2019\/12\/U-Jag\u00f3dki-480x331.jpg 480w\" sizes=\"(max-width: 799px) 100vw, 799px\" \/><\/p>\n<p>[\/et_pb_slide][\/et_pb_slider][et_pb_slider _builder_version=&#8221;4.3.4&#8243; animation_style=&#8221;fade&#8221;][et_pb_slide heading=&#8221;\u201ePokoje u Marcina\u201d&#8221; _builder_version=&#8221;4.3.4&#8243; background_color=&#8221;#ffffff&#8221; background_enable_color=&#8221;on&#8221; background_layout=&#8221;light&#8221; link_option_url=&#8221;http:\/\/umtykocin.pl\/turysta\/pokoje-u-marcina\/&#8221; link_option_url_new_window=&#8221;on&#8221; text_shadow_style=&#8221;preset4&#8243;]<\/p>\n<p><img loading=\"lazy\" decoding=\"async\" class=\"wp-image-707 aligncenter size-full\" src=\"http:\/\/umtykocin.pl\/turysta\/wp-content\/uploads\/sites\/3\/2019\/12\/Pokoje-u-Marcina.jpg\" alt=\"\" width=\"259\" height=\"143\" \/><\/p>\n<p>[\/et_pb_slide][\/et_pb_slider][et_pb_slider _builder_version=&#8221;4.3.4&#8243; animation_style=&#8221;fade&#8221;][et_pb_slide heading=&#8221;\u201eU Kowala\u201d&#8221; _builder_version=&#8221;4.3.4&#8243; background_color=&#8221;#ffffff&#8221; background_enable_color=&#8221;on&#8221; background_layout=&#8221;light&#8221; link_option_url=&#8221;http:\/\/umtykocin.pl\/turysta\/u-kowala\/&#8221; link_option_url_new_window=&#8221;on&#8221; text_shadow_style=&#8221;preset4&#8243;]<\/p>\n<p><img loading=\"lazy\" decoding=\"async\" class=\"wp-image-704 aligncenter size-full\" src=\"http:\/\/umtykocin.pl\/turysta\/wp-content\/uploads\/sites\/3\/2019\/12\/U-kowala.jpg\" alt=\"\" width=\"264\" height=\"189\" \/><\/p>\n<p>[\/et_pb_slide][\/et_pb_slider][\/et_pb_column][\/et_pb_row][\/et_pb_section]<\/p>\n","protected":false},"excerpt":{"rendered":"<p>Liczba miejsc: 2 Adres: ul. Browarna 13, 16-080 Tykocin Tel: 691 046 905 Tel:\u00a0607 356 760 Liczba miejsc: 5 50-metrowy apartament dla 5 os\u00f3b (\u0142\u00f3\u017cka podw\u00f3jne + dostawka) Adres: ul. Zagumienna 22,\u00a016-080 Tykocin Tel: 603 642 981 Liczba miejsc: 8 Adres: ul. Klasztorna 5, 16-080 Tykocin Tel: 698 691 122 Email:\u00a0elzbietapogorzelskaj@wp.pl Liczba miejsc: 16 Adres: [&hellip;]<\/p>\n","protected":false},"author":1,"featured_media":0,"parent":0,"menu_order":0,"comment_status":"closed","ping_status":"closed","template":"","meta":{"_et_pb_use_builder":"on","_et_pb_old_content":"","_et_gb_content_width":"","cybocfi_hide_featured_image":"","footnotes":""},"class_list":["post-179","page","type-page","status-publish","hentry"],"_links":{"self":[{"href":"http:\/\/umtykocin.pl\/turysta\/wp-json\/wp\/v2\/pages\/179","targetHints":{"allow":["GET"]}}],"collection":[{"href":"http:\/\/umtykocin.pl\/turysta\/wp-json\/wp\/v2\/pages"}],"about":[{"href":"http:\/\/umtykocin.pl\/turysta\/wp-json\/wp\/v2\/types\/page"}],"author":[{"embeddable":true,"href":"http:\/\/umtykocin.pl\/turysta\/wp-json\/wp\/v2\/users\/1"}],"replies":[{"embeddable":true,"href":"http:\/\/umtykocin.pl\/turysta\/wp-json\/wp\/v2\/comments?post=179"}],"version-history":[{"count":131,"href":"http:\/\/umtykocin.pl\/turysta\/wp-json\/wp\/v2\/pages\/179\/revisions"}],"predecessor-version":[{"id":1651,"href":"http:\/\/umtykocin.pl\/turysta\/wp-json\/wp\/v2\/pages\/179\/revisions\/1651"}],"wp:attachment":[{"href":"http:\/\/umtykocin.pl\/turysta\/wp-json\/wp\/v2\/media?parent=179"}],"curies":[{"name":"wp","href":"https:\/\/api.w.org\/{rel}","templated":true}]}}