{"id":1849,"date":"2021-11-16T14:04:39","date_gmt":"2021-11-16T13:04:39","guid":{"rendered":"http:\/\/umtykocin.pl\/turysta\/?page_id=1849"},"modified":"2021-11-25T13:40:18","modified_gmt":"2021-11-25T12:40:18","slug":"sciezka-interreg","status":"publish","type":"page","link":"http:\/\/umtykocin.pl\/turysta\/sciezka-interreg\/","title":{"rendered":"\u015acie\u017cka Dydaktyczna &#8211; Interreg"},"content":{"rendered":"<p>[et_pb_section fb_built=&#8221;1&#8243; admin_label=&#8221;Pierwszy baner&#8221; module_class=&#8221;high-contrast&#8221; _builder_version=&#8221;4.9.4&#8243; background_color=&#8221;rgba(0,0,0,0)&#8221; custom_margin=&#8221;|||&#8221; custom_padding=&#8221;0px|0px|0px|0px||&#8221; global_module=&#8221;405&#8243; saved_tabs=&#8221;all&#8221; collapsed=&#8221;off&#8221; global_colors_info=&#8221;{}&#8221;][et_pb_row _builder_version=&#8221;3.26.3&#8243; global_colors_info=&#8221;{}&#8221;][et_pb_column type=&#8221;4_4&#8243; _builder_version=&#8221;3.26.3&#8243; global_colors_info=&#8221;{}&#8221;][et_pb_gallery gallery_ids=&#8221;450,449,448,447,446,445,444,443,442,782,783,784,785,786,787,788,789,790,791,792,793,794,795,796,797,798&#8243; gallery_orderby=&#8221;rand&#8221; fullwidth=&#8221;on&#8221; _builder_version=&#8221;4.0.9&#8243; global_colors_info=&#8221;{}&#8221;][\/et_pb_gallery][\/et_pb_column][\/et_pb_row][\/et_pb_section][et_pb_section fb_built=&#8221;1&#8243; admin_label=&#8221;Sekcja g\u0142\u00f3wna&#8221; module_class=&#8221;high-contrast&#8221; _builder_version=&#8221;3.26.1&#8243; collapsed=&#8221;off&#8221; global_colors_info=&#8221;{}&#8221;][et_pb_row _builder_version=&#8221;3.25.3&#8243; global_colors_info=&#8221;{}&#8221;][et_pb_column type=&#8221;4_4&#8243; _builder_version=&#8221;3.25.3&#8243; global_colors_info=&#8221;{}&#8221;][et_pb_text admin_label=&#8221;Przyk\u0142adowy nag\u0142\u00f3wek&#8221; _builder_version=&#8221;4.13.1&#8243; text_font=&#8221;Lato||||||||&#8221; text_font_size=&#8221;1.6em&#8221; text_line_height=&#8221;1.6em&#8221; header_font=&#8221;||||||||&#8221; global_colors_info=&#8221;{}&#8221;]<\/p>\n<h1 style=\"text-align: center;\"><strong>\u015aCIE\u017bKA DYDAKTYCZNA &#8211; INTERREG<br \/><\/strong><\/h1>\n<p>[\/et_pb_text][et_pb_divider color=&#8221;#009fe3&#8243; divider_weight=&#8221;3px&#8221; _builder_version=&#8221;3.26.1&#8243; global_colors_info=&#8221;{}&#8221;][\/et_pb_divider][et_pb_image src=&#8221;http:\/\/umtykocin.pl\/turysta\/wp-content\/uploads\/sites\/3\/2021\/11\/Tablice-cz2-poprawki-21.11.compressed-00001.jpg&#8221; title_text=&#8221;Tablice cz2 poprawki 21.11.compressed-00001&#8243; _builder_version=&#8221;4.14.1&#8243; _module_preset=&#8221;default&#8221; global_colors_info=&#8221;{}&#8221;][\/et_pb_image][et_pb_divider color=&#8221;#009fe3&#8243; divider_weight=&#8221;3px&#8221; _builder_version=&#8221;3.26.1&#8243; global_colors_info=&#8221;{}&#8221;][\/et_pb_divider][et_pb_image src=&#8221;http:\/\/umtykocin.pl\/turysta\/wp-content\/uploads\/sites\/3\/2021\/11\/Tablice-cz2-poprawki-21.11.compressed-00002.jpg&#8221; title_text=&#8221;Tablice cz2 poprawki 21.11.compressed-00002&#8243; _builder_version=&#8221;4.14.1&#8243; _module_preset=&#8221;default&#8221; global_colors_info=&#8221;{}&#8221;][\/et_pb_image][et_pb_divider color=&#8221;#009fe3&#8243; divider_weight=&#8221;3px&#8221; _builder_version=&#8221;3.26.1&#8243; global_colors_info=&#8221;{}&#8221;][\/et_pb_divider][et_pb_image src=&#8221;http:\/\/umtykocin.pl\/turysta\/wp-content\/uploads\/sites\/3\/2021\/11\/Tablice-cz2-poprawki-21.11.compressed-00003.jpg&#8221; title_text=&#8221;Tablice cz2 poprawki 21.11.compressed-00003&#8243; _builder_version=&#8221;4.14.1&#8243; _module_preset=&#8221;default&#8221; global_colors_info=&#8221;{}&#8221;][\/et_pb_image][et_pb_divider color=&#8221;#009fe3&#8243; divider_weight=&#8221;3px&#8221; _builder_version=&#8221;3.26.1&#8243; global_colors_info=&#8221;{}&#8221;][\/et_pb_divider][et_pb_image src=&#8221;http:\/\/umtykocin.pl\/turysta\/wp-content\/uploads\/sites\/3\/2021\/11\/Tablice-cz2-poprawki-21.11.compressed-00004.jpg&#8221; title_text=&#8221;Tablice cz2 poprawki 21.11.compressed-00004&#8243; _builder_version=&#8221;4.14.1&#8243; _module_preset=&#8221;default&#8221; hover_enabled=&#8221;0&#8243; global_colors_info=&#8221;{}&#8221; sticky_enabled=&#8221;0&#8243;][\/et_pb_image][et_pb_divider color=&#8221;#009fe3&#8243; divider_weight=&#8221;3px&#8221; _builder_version=&#8221;3.26.1&#8243; global_colors_info=&#8221;{}&#8221;][\/et_pb_divider][et_pb_image src=&#8221;http:\/\/umtykocin.pl\/turysta\/wp-content\/uploads\/sites\/3\/2021\/11\/Tablice-cz2-poprawki-21.11.compressed-00005.jpg&#8221; title_text=&#8221;Tablice cz2 poprawki 21.11.compressed-00005&#8243; _builder_version=&#8221;4.14.1&#8243; _module_preset=&#8221;default&#8221; hover_enabled=&#8221;0&#8243; global_colors_info=&#8221;{}&#8221; sticky_enabled=&#8221;0&#8243; admin_label=&#8221;Obraz&#8221;][\/et_pb_image][et_pb_divider color=&#8221;#009fe3&#8243; divider_weight=&#8221;3px&#8221; _builder_version=&#8221;3.26.1&#8243; global_colors_info=&#8221;{}&#8221;][\/et_pb_divider][et_pb_image src=&#8221;http:\/\/umtykocin.pl\/turysta\/wp-content\/uploads\/sites\/3\/2021\/11\/Tablice-cz2-poprawki-21.11.compressed-00006.jpg&#8221; title_text=&#8221;Tablice cz2 poprawki 21.11.compressed-00006&#8243; _builder_version=&#8221;4.14.1&#8243; _module_preset=&#8221;default&#8221; hover_enabled=&#8221;0&#8243; global_colors_info=&#8221;{}&#8221; sticky_enabled=&#8221;0&#8243; admin_label=&#8221;Obraz&#8221;][\/et_pb_image][et_pb_divider color=&#8221;#009fe3&#8243; divider_weight=&#8221;3px&#8221; _builder_version=&#8221;3.26.1&#8243; global_colors_info=&#8221;{}&#8221;][\/et_pb_divider][et_pb_image src=&#8221;http:\/\/umtykocin.pl\/turysta\/wp-content\/uploads\/sites\/3\/2021\/11\/Tablice-cz2-poprawki-21.11.compressed-00007.jpg&#8221; title_text=&#8221;Tablice cz2 poprawki 21.11.compressed-00007&#8243; _builder_version=&#8221;4.14.1&#8243; _module_preset=&#8221;default&#8221; hover_enabled=&#8221;0&#8243; global_colors_info=&#8221;{}&#8221; sticky_enabled=&#8221;0&#8243; admin_label=&#8221;Obraz&#8221;][\/et_pb_image][et_pb_divider color=&#8221;#009fe3&#8243; divider_weight=&#8221;3px&#8221; _builder_version=&#8221;3.26.1&#8243; global_colors_info=&#8221;{}&#8221;][\/et_pb_divider][et_pb_image src=&#8221;http:\/\/umtykocin.pl\/turysta\/wp-content\/uploads\/sites\/3\/2021\/11\/Tablice-cz2-poprawki-21.11.compressed-00008.jpg&#8221; title_text=&#8221;Tablice cz2 poprawki 21.11.compressed-00008&#8243; _builder_version=&#8221;4.14.1&#8243; _module_preset=&#8221;default&#8221; hover_enabled=&#8221;0&#8243; global_colors_info=&#8221;{}&#8221; sticky_enabled=&#8221;0&#8243; admin_label=&#8221;Obraz&#8221;][\/et_pb_image][et_pb_divider color=&#8221;#009fe3&#8243; divider_weight=&#8221;3px&#8221; _builder_version=&#8221;3.26.1&#8243; global_colors_info=&#8221;{}&#8221;][\/et_pb_divider][et_pb_image src=&#8221;http:\/\/umtykocin.pl\/turysta\/wp-content\/uploads\/sites\/3\/2021\/11\/Tablice-cz2-poprawki-21.11.compressed-00009.jpg&#8221; title_text=&#8221;Tablice cz2 poprawki 21.11.compressed-00009&#8243; _builder_version=&#8221;4.14.1&#8243; _module_preset=&#8221;default&#8221; hover_enabled=&#8221;0&#8243; global_colors_info=&#8221;{}&#8221; sticky_enabled=&#8221;0&#8243; admin_label=&#8221;Obraz&#8221;][\/et_pb_image][et_pb_divider color=&#8221;#009fe3&#8243; divider_weight=&#8221;3px&#8221; _builder_version=&#8221;3.26.1&#8243; global_colors_info=&#8221;{}&#8221;][\/et_pb_divider][et_pb_image src=&#8221;http:\/\/umtykocin.pl\/turysta\/wp-content\/uploads\/sites\/3\/2021\/11\/Tablice-cz2-poprawki-21.11.compressed-00010.jpg&#8221; title_text=&#8221;Tablice cz2 poprawki 21.11.compressed-00010&#8243; _builder_version=&#8221;4.14.1&#8243; _module_preset=&#8221;default&#8221; hover_enabled=&#8221;0&#8243; global_colors_info=&#8221;{}&#8221; sticky_enabled=&#8221;0&#8243; admin_label=&#8221;Obraz&#8221;][\/et_pb_image][et_pb_divider color=&#8221;#009fe3&#8243; divider_weight=&#8221;3px&#8221; _builder_version=&#8221;3.26.1&#8243; global_colors_info=&#8221;{}&#8221;][\/et_pb_divider][et_pb_image src=&#8221;http:\/\/umtykocin.pl\/turysta\/wp-content\/uploads\/sites\/3\/2021\/11\/Tablice-cz2-poprawki-21.11.compressed-00011.jpg&#8221; title_text=&#8221;Tablice cz2 poprawki 21.11.compressed-00011&#8243; _builder_version=&#8221;4.14.1&#8243; _module_preset=&#8221;default&#8221; hover_enabled=&#8221;0&#8243; global_colors_info=&#8221;{}&#8221; sticky_enabled=&#8221;0&#8243; admin_label=&#8221;Obraz&#8221;][\/et_pb_image][et_pb_divider color=&#8221;#009fe3&#8243; divider_weight=&#8221;3px&#8221; _builder_version=&#8221;3.26.1&#8243; global_colors_info=&#8221;{}&#8221;][\/et_pb_divider][et_pb_image src=&#8221;http:\/\/umtykocin.pl\/turysta\/wp-content\/uploads\/sites\/3\/2021\/11\/Tablice-cz2-poprawki-21.11.compressed-00012.jpg&#8221; title_text=&#8221;Tablice cz2 poprawki 21.11.compressed-00012&#8243; _builder_version=&#8221;4.14.1&#8243; _module_preset=&#8221;default&#8221; hover_enabled=&#8221;0&#8243; global_colors_info=&#8221;{}&#8221; sticky_enabled=&#8221;0&#8243; admin_label=&#8221;Obraz&#8221;][\/et_pb_image][et_pb_divider color=&#8221;#009fe3&#8243; divider_weight=&#8221;3px&#8221; _builder_version=&#8221;3.26.1&#8243; global_colors_info=&#8221;{}&#8221;][\/et_pb_divider][et_pb_image src=&#8221;http:\/\/umtykocin.pl\/turysta\/wp-content\/uploads\/sites\/3\/2021\/11\/Tablice-cz2-poprawki-21.11.compressed-00013.jpg&#8221; title_text=&#8221;Tablice cz2 poprawki 21.11.compressed-00013&#8243; _builder_version=&#8221;4.14.1&#8243; _module_preset=&#8221;default&#8221; hover_enabled=&#8221;0&#8243; global_colors_info=&#8221;{}&#8221; sticky_enabled=&#8221;0&#8243; admin_label=&#8221;Obraz&#8221;][\/et_pb_image][et_pb_divider color=&#8221;#009fe3&#8243; divider_weight=&#8221;3px&#8221; _builder_version=&#8221;3.26.1&#8243; global_colors_info=&#8221;{}&#8221;][\/et_pb_divider][et_pb_image src=&#8221;http:\/\/umtykocin.pl\/turysta\/wp-content\/uploads\/sites\/3\/2021\/11\/Tablice-cz2-poprawki-21.11.compressed-00014.jpg&#8221; title_text=&#8221;Tablice cz2 poprawki 21.11.compressed-00014&#8243; _builder_version=&#8221;4.14.1&#8243; _module_preset=&#8221;default&#8221; hover_enabled=&#8221;0&#8243; global_colors_info=&#8221;{}&#8221; sticky_enabled=&#8221;0&#8243; admin_label=&#8221;Obraz&#8221;][\/et_pb_image][\/et_pb_column][\/et_pb_row][\/et_pb_section][et_pb_section fb_built=&#8221;1&#8243; admin_label=&#8221;Log\u00f3wki partnerzy&#8221; module_class=&#8221;high-contrast&#8221; _builder_version=&#8221;3.26.1&#8243; custom_padding=&#8221;0px|||||&#8221; collapsed=&#8221;on&#8221; global_colors_info=&#8221;{}&#8221;][et_pb_row _builder_version=&#8221;3.25.2&#8243; width=&#8221;100%&#8221; global_colors_info=&#8221;{}&#8221;][et_pb_column type=&#8221;4_4&#8243; _builder_version=&#8221;3.25.2&#8243; global_colors_info=&#8221;{}&#8221;][et_pb_code _builder_version=&#8221;3.26.3&#8243; global_colors_info=&#8221;{}&#8221;]\n\t\t<style>\n\t\t\t#wpls-logo-showcase-slider-1 .wpls-fix-box,\n\t\t\t#wpls-logo-showcase-slider-1 .wpls-fix-box img.wp-post-image{max-height:250px; }\n\t\t<\/style>\n\n\t\t<div class=\"wpls-wrap wpls-logo-showcase-slider-wrp wpls-logo-clearfix wpls-design-1 \" data-conf=\"{&quot;slides_column&quot;:&quot;4&quot;,&quot;slides_scroll&quot;:1,&quot;dots&quot;:&quot;false&quot;,&quot;arrows&quot;:&quot;false&quot;,&quot;autoplay&quot;:&quot;true&quot;,&quot;autoplay_interval&quot;:&quot;2000&quot;,&quot;loop&quot;:&quot;true&quot;,&quot;rtl&quot;:&quot;false&quot;,&quot;speed&quot;:800,&quot;center_mode&quot;:&quot;false&quot;,&quot;lazyload&quot;:&quot;&quot;}\">\n\t\t\t<div class=\"wpls-logo-showcase logo_showcase wpls-logo-slider  sliderimage_hide_border wpls-dots-false\" id=\"wpls-logo-showcase-slider-1\" >\n\t\t\t\t<div class=\"wpls-logo-cnt\">\n\t<div class=\"wpls-fix-box\">\n\t\t\t\t<a href=\"https:\/\/www.bialystok.uw.gov.pl\/Wojewoda\" target=\"_self\">\n\t\t\t<img decoding=\"async\" class=\"wp-post-image\"  src=\"http:\/\/umtykocin.pl\/turysta\/wp-content\/uploads\/sites\/3\/2019\/06\/logo_wojewoda_podlaski.jpg\" alt=\"Grafika przedstawia zielon\u0105 kresk\u0119 oraz br\u0105zowego \u017cubra\" \/>\n\t\t<\/a>\n\t\t\t<\/div>\n\t<\/div><div class=\"wpls-logo-cnt\">\n\t<div class=\"wpls-fix-box\">\n\t\t\t\t<a href=\"http:\/\/www.powiatbialostocki.pl\/\" target=\"_self\">\n\t\t\t<img decoding=\"async\" class=\"wp-post-image\"  src=\"http:\/\/umtykocin.pl\/turysta\/wp-content\/uploads\/sites\/3\/2019\/06\/logo_powiat_bialostocki.jpg\" alt=\"Grafika god\u0142o w kolorze czerwonym i pomara\u0144czowym. Na czerwonym tle widnieje bia\u0142y orze\u0142. Na pomara\u0144czowym tle widzimy \u0142osia\" \/>\n\t\t<\/a>\n\t\t\t<\/div>\n\t<\/div><div class=\"wpls-logo-cnt\">\n\t<div class=\"wpls-fix-box\">\n\t\t\t\t<a href=\"https:\/\/www.wrotapodlasia.pl\/\" target=\"_self\">\n\t\t\t<img decoding=\"async\" class=\"wp-post-image\"  src=\"http:\/\/umtykocin.pl\/turysta\/wp-content\/uploads\/sites\/3\/2019\/06\/logo_wrota_podlasia.jpg\" alt=\"Grafika przedstawia napis Wrota Podlasia oraz \u017cubra wykonanego z r\u00f3\u017cnokolorowych pikseli.\" \/>\n\t\t<\/a>\n\t\t\t<\/div>\n\t<\/div><div class=\"wpls-logo-cnt\">\n\t<div class=\"wpls-fix-box\">\n\t\t\t\t<a href=\"http:\/\/greenvelo.pl\/\" target=\"_self\">\n\t\t\t<img decoding=\"async\" class=\"wp-post-image\"  src=\"http:\/\/umtykocin.pl\/turysta\/wp-content\/uploads\/sites\/3\/2019\/06\/logo_green_velo.jpg\" alt=\"Grafika przedstawia logo Green Velo. Logo sk\u0142ada si\u0119 z napisu Green Velo oraz \u0142a\u0144cucha rowerowego w r\u00f3\u017cnych kolorach\" \/>\n\t\t<\/a>\n\t\t\t<\/div>\n\t<\/div><div class=\"wpls-logo-cnt\">\n\t<div class=\"wpls-fix-box\">\n\t\t\t\t<a href=\"https:\/\/epuap.gov.pl\/\" target=\"_self\">\n\t\t\t<img decoding=\"async\" class=\"wp-post-image\"  src=\"http:\/\/umtykocin.pl\/turysta\/wp-content\/uploads\/sites\/3\/2019\/06\/logo_epuap.jpg\" alt=\"Grafika przedstawia niebieski napis ePUAP\" \/>\n\t\t<\/a>\n\t\t\t<\/div>\n\t<\/div><div class=\"wpls-logo-cnt\">\n\t<div class=\"wpls-fix-box\">\n\t\t\t\t<img decoding=\"async\" class=\"wp-post-image\"  src=\"http:\/\/umtykocin.pl\/turysta\/wp-content\/uploads\/sites\/3\/2019\/06\/logo_burmistrz_tykocina.jpg\" alt=\"Grafika przedstawia napis Burmistrz Tykocina oraz podobizn\u0119 byka.\" \/>\n\t\t\t<\/div>\n\t<\/div><div class=\"wpls-logo-cnt\">\n\t<div class=\"wpls-fix-box\">\n\t\t\t\t<a href=\"http:\/\/bip.um.tykocin.wrotapodlasia.pl\/\" target=\"_self\">\n\t\t\t<img decoding=\"async\" class=\"wp-post-image\"  src=\"http:\/\/umtykocin.pl\/turysta\/wp-content\/uploads\/sites\/3\/2020\/06\/Herb-1024x645-1.jpg\" alt=\"Grafika przedstawia czerwony herb z z\u00f3\u0142tym bykiem\" \/>\n\t\t<\/a>\n\t\t\t<\/div>\n\t<\/div>\t\t\t<\/div>\n\t\t<\/div>\n\n\t\t[\/et_pb_code][\/et_pb_column][\/et_pb_row][\/et_pb_section]<\/p>\n","protected":false},"excerpt":{"rendered":"<p>[et_pb_section fb_built=&#8221;1&#8243; admin_label=&#8221;Pierwszy baner&#8221; module_class=&#8221;high-contrast&#8221; _builder_version=&#8221;4.9.4&#8243; background_color=&#8221;rgba(0,0,0,0)&#8221; custom_margin=&#8221;|||&#8221; custom_padding=&#8221;0px|0px|0px|0px||&#8221; global_module=&#8221;405&#8243; saved_tabs=&#8221;all&#8221; collapsed=&#8221;off&#8221; global_colors_info=&#8221;{}&#8221;][et_pb_row _builder_version=&#8221;3.26.3&#8243; global_colors_info=&#8221;{}&#8221;][et_pb_column type=&#8221;4_4&#8243; _builder_version=&#8221;3.26.3&#8243; global_colors_info=&#8221;{}&#8221;][et_pb_gallery gallery_ids=&#8221;450,449,448,447,446,445,444,443,442,782,783,784,785,786,787,788,789,790,791,792,793,794,795,796,797,798&#8243; gallery_orderby=&#8221;rand&#8221; fullwidth=&#8221;on&#8221; _builder_version=&#8221;4.0.9&#8243; global_colors_info=&#8221;{}&#8221;][\/et_pb_gallery][\/et_pb_column][\/et_pb_row][\/et_pb_section][et_pb_section fb_built=&#8221;1&#8243; admin_label=&#8221;Sekcja g\u0142\u00f3wna&#8221; module_class=&#8221;high-contrast&#8221; _builder_version=&#8221;3.26.1&#8243; collapsed=&#8221;off&#8221; global_colors_info=&#8221;{}&#8221;][et_pb_row _builder_version=&#8221;3.25.3&#8243; global_colors_info=&#8221;{}&#8221;][et_pb_column type=&#8221;4_4&#8243; _builder_version=&#8221;3.25.3&#8243; global_colors_info=&#8221;{}&#8221;][et_pb_text admin_label=&#8221;Przyk\u0142adowy nag\u0142\u00f3wek&#8221; _builder_version=&#8221;4.13.1&#8243; text_font=&#8221;Lato||||||||&#8221; text_font_size=&#8221;1.6em&#8221; text_line_height=&#8221;1.6em&#8221; header_font=&#8221;||||||||&#8221; global_colors_info=&#8221;{}&#8221;] \u015aCIE\u017bKA DYDAKTYCZNA &#8211; INTERREG [\/et_pb_text][et_pb_divider color=&#8221;#009fe3&#8243; divider_weight=&#8221;3px&#8221; _builder_version=&#8221;3.26.1&#8243; global_colors_info=&#8221;{}&#8221;][\/et_pb_divider][et_pb_image src=&#8221;http:\/\/umtykocin.pl\/turysta\/wp-content\/uploads\/sites\/3\/2021\/11\/Tablice-cz2-poprawki-21.11.compressed-00001.jpg&#8221; title_text=&#8221;Tablice cz2 [&hellip;]<\/p>\n","protected":false},"author":10006,"featured_media":0,"parent":0,"menu_order":0,"comment_status":"closed","ping_status":"closed","template":"","meta":{"_et_pb_use_builder":"on","_et_pb_old_content":"","_et_gb_content_width":"","cybocfi_hide_featured_image":"","footnotes":""},"class_list":["post-1849","page","type-page","status-publish","hentry"],"_links":{"self":[{"href":"http:\/\/umtykocin.pl\/turysta\/wp-json\/wp\/v2\/pages\/1849","targetHints":{"allow":["GET"]}}],"collection":[{"href":"http:\/\/umtykocin.pl\/turysta\/wp-json\/wp\/v2\/pages"}],"about":[{"href":"http:\/\/umtykocin.pl\/turysta\/wp-json\/wp\/v2\/types\/page"}],"author":[{"embeddable":true,"href":"http:\/\/umtykocin.pl\/turysta\/wp-json\/wp\/v2\/users\/10006"}],"replies":[{"embeddable":true,"href":"http:\/\/umtykocin.pl\/turysta\/wp-json\/wp\/v2\/comments?post=1849"}],"version-history":[{"count":6,"href":"http:\/\/umtykocin.pl\/turysta\/wp-json\/wp\/v2\/pages\/1849\/revisions"}],"predecessor-version":[{"id":1876,"href":"http:\/\/umtykocin.pl\/turysta\/wp-json\/wp\/v2\/pages\/1849\/revisions\/1876"}],"wp:attachment":[{"href":"http:\/\/umtykocin.pl\/turysta\/wp-json\/wp\/v2\/media?parent=1849"}],"curies":[{"name":"wp","href":"https:\/\/api.w.org\/{rel}","templated":true}]}}