{"id":7438,"date":"2021-08-29T18:49:01","date_gmt":"2021-08-29T16:49:01","guid":{"rendered":"http:\/\/umtykocin.pl\/mieszkaniec\/wp-content\/uploads\/sites\/4\/2021\/08\/IMG_1111.jpg"},"modified":"2021-08-29T18:51:19","modified_gmt":"2021-08-29T16:51:19","slug":"img_1111","status":"inherit","type":"attachment","link":"https:\/\/umtykocin.pl\/mieszkaniec\/nowy-samochod-ratowniczo-gasniczy-w-osp-w-piaskach\/img_1111\/","title":{"rendered":"IMG_1111"},"author":3,"featured_media":0,"comment_status":"closed","ping_status":"closed","template":"","meta":{"_et_pb_use_builder":"","_et_pb_old_content":"","_et_gb_content_width":"","cybocfi_hide_featured_image":""},"class_list":["post-7438","attachment","type-attachment","status-inherit","hentry","high-contrast"],"description":{"rendered":"<p class=\"attachment\"><a href='https:\/\/umtykocin.pl\/mieszkaniec\/wp-content\/uploads\/sites\/4\/2021\/08\/IMG_1111.jpg'><img loading=\"lazy\" decoding=\"async\" width=\"300\" height=\"200\" src=\"https:\/\/umtykocin.pl\/mieszkaniec\/wp-content\/uploads\/sites\/4\/2021\/08\/IMG_1111-300x200.jpg\" class=\"attachment-medium size-medium\" alt=\"Nowy samoch\u00f3d ratowniczo-ga\u015bniczy w OSP w Piaskach. Niedziela 29 sierpnia 2021 to wielki dzie\u0144 w historii parafii w Kro\u015bnie, OSP w Piaskach i ca\u0142ej gminy Tykocin! Zosta\u0142 po\u015bwi\u0119cony nowy samoch\u00f3d ratowniczo-ga\u015bniczy OSP w Piaskach oraz odby\u0142y si\u0119 uroczyste do\u017cynki parafii pw. Matki Bo\u017cej Mi\u0142osierdzia w Kro\u015bnie w roku jubileuszu 75 lat tej\u017ce niewielkiej, acz pr\u0119\u017cnej i dbaj\u0105cej o polsk\u0105 tradycj\u0119 wsp\u00f3lnoty. A\u017c 4 pi\u0119kne wie\u0144ce do\u017cynkowe zdobi\u0142y dzi\u015b \u015bwi\u0105tyni\u0119 w Kro\u015bnie. Starostami do\u017cynek byli Pa\u0144stwo Aneta i Szymon Kropiewniccy. Chleb i kosz produkt\u00f3w z\u0142o\u017cyli w imieniu samorz\u0105du gminnego Burmistrz Tykocina Mariusz Dudzi\u0144ski i Przewodnicz\u0105ca Rady Miejskiej Renata Kami\u0144ska. Kro\u015bnie\u0144ski ko\u015bci\u00f3\u0142 i cmentarz przyko\u015bcielny t\u0142umnie wype\u0142nili wierni ch\u0119tnie uczestnicz\u0105cy w uroczysto\u015bci po\u015bwiecenia nowej dumy ca\u0142ej gminy \u2013 samochodu ratowniczo-ga\u015bniczego, kt\u00f3ry b\u0119dzie s\u0142u\u017cy\u0142 w OSP w Piaskach. Pojazd zosta\u0142 zakupiony w ramach realizacji projektu \u201eOchrona i wsparcie dla spo\u0142eczno\u015bci transgranicznych\u201d nr LT-PL-5R-352. Dzia\u0142anie nale\u017cy do programu Interreg Polska-Litwa, a partnerem gminy Tykocin po stronie litewskiej jest Stra\u017c Po\u017carna Rejonu \u0141o\u017adzieje, kt\u00f3rej reprezentanci go\u015bcili w kro\u015bnie\u0144skim wydarzeniu. W mowie powitalnej Burmistrz Tykocina Mariusz Dudzi\u0144ski podkre\u015bli\u0142, \u017ce cieszy si\u0119, i\u017c wsp\u00f3\u0142praca mi\u0119dzynarodowa zapocz\u0105tkowana na w tej kadencji przynosi tak pi\u0119kne owoce. Serdeczne \u017cyczenia druhom z Piask z\u0142o\u017cyli m.in. Starszy Brygadier Andrzej Sobolewski \u2013 Zast\u0119pca Podlaskiego Komendanta Wojew\u00f3dzkiego Pa\u0144stwowej Stra\u017cy Po\u017carnej, Brygadier Rados\u0142aw P\u00f3\u0142torak \u2013 Zast\u0119pca Komendanta Komendy Miejskiej PSP w Bia\u0142ymstoku, Jan Gradkowski \u2013 Prezes Zarz\u0105du Powiatowego Oddzia\u0142u Zwi\u0105zku OSP RP oraz Adam Backiel \u2013 radny powiatu bia\u0142ostockiego, przewodnicz\u0105cy Komisji Bezpiecze\u0144stwa i Porz\u0105dku Publicznego, kt\u00f3ry odczyta\u0142 list gratulacyjny Starosty Powiatu Bia\u0142ostockiego Jana Boles\u0142awa Perkowskiego. Powiat dofinansowa\u0142 zakup samochodu, by\u0142 to kolejny z wielu akt\u00f3w wsparcia ruchu OSP przez samorz\u0105d powiatowy. Nowy w\u00f3z zosta\u0142 po\u015bwi\u0119cony przez ks. proboszcza Jerzego Bezubika. W ceremonii prowadzonej przez st. kap. \u0141ukasza Ostrowskiego i wicedyrektor Beat\u0119 Maliszewsk\u0105 nie zabrak\u0142o pi\u0119knie zagranego hejna\u0142u gminy Tykocin. W uroczysto\u015bci wzi\u0119li udzia\u0142 liczni radny Rady Miejskiej w Tykocinie: p. Renata Kami\u0144ska, p. Ma\u0142gorzata Nartowicz, p. Mariola Malinowska, p. Agnieszka Nieciecka, p. Krzysztof Korzi\u0144ski, p. Roman Klimaszewski, p. Jaros\u0142aw Malinowski, p. Dariusz Grudzi\u0144ski, p. Stanis\u0142aw Rogalewski i p. Miko\u0142aj Sok\u00f3lski, a tak\u017ce komendant gminna OSP Wies\u0142awa Sakowicz-D\u0105browska oraz prezesi OSP w Tykocinie, Je\u017cewie Starym, Radulach, \u0141opuchowie, Nieciecach, Rz\u0119dzianach i jednostka OSP Zajki. Poczty sztandarowe wystawi\u0142y jednostki OSP w Piaskach, w Je\u017cewie Starym i w Tykocinie. Prezes OSP w Piaskach Grzegorz Zubrzycki serdecznie podzi\u0119kowa\u0142 wszystkim zaanga\u017cowanym w projekt modernizuj\u0105cy jednostk\u0119. Imienne podzi\u0119kowania otrzyma\u0142 m.in. Burmistrz Tykocina, Starosta Powiatu Bia\u0142ostockiego i radny Adam Backiel oraz przedstawicielki Referatu Inwestycyjnego Urz\u0119du Miejskiego w Tykocinie na czele z p. kierownik Karolin\u0105 Rojeck\u0105. Prezes Jan Gradkowski wr\u0119czy\u0142 przyznane uchwa\u0142\u0105 zarz\u0105du powiatowego ZOSPRP odznaczenia wszystkim zaanga\u017cowanym w prace na rzecz nabycia nowego, \u015bwietnie wyposa\u017conego i zaprojektowanego do potrzeb jednostki OSP w Piaskach. Wydarzeniu towarzyszy\u0142a akcja szczepie\u0144 przeciw covid-19. Rado\u015b\u0107 uczestnik\u00f3w, widz\u00f3w i go\u015bci niech towarzyszy jednostce OSP w Piaskach w ofiarnej s\u0142u\u017cbie Bogu na chwa\u0142\u0119, ludziom na po\u017cytek!\" \/><\/a><\/p>\n<p>Niedziela 29 sierpnia 2021 to wielki dzie\u0144 w historii parafii w Kro\u015bnie, OSP w Piaskach i ca\u0142ej gminy Tykocin! Zosta\u0142 po\u015bwi\u0119cony nowy samoch\u00f3d ratowniczo-ga\u015bniczy OSP w Piaskach oraz odby\u0142y si\u0119 uroczyste do\u017cynki parafii pw. Matki Bo\u017cej Mi\u0142osierdzia w Kro\u015bnie w roku jubileuszu 75 lat tej\u017ce niewielkiej, acz pr\u0119\u017cnej i dbaj\u0105cej o polsk\u0105 tradycj\u0119 wsp\u00f3lnoty.<\/p>\n<p>A\u017c 4 pi\u0119kne wie\u0144ce do\u017cynkowe zdobi\u0142y dzi\u015b \u015bwi\u0105tyni\u0119 w Kro\u015bnie. Starostami do\u017cynek byli Pa\u0144stwo Aneta i Szymon Kropiewniccy. Chleb i kosz produkt\u00f3w z\u0142o\u017cyli w imieniu samorz\u0105du gminnego Burmistrz Tykocina Mariusz Dudzi\u0144ski i Przewodnicz\u0105ca Rady Miejskiej Renata Kami\u0144ska. Kro\u015bnie\u0144ski ko\u015bci\u00f3\u0142 i cmentarz przyko\u015bcielny t\u0142umnie wype\u0142nili wierni ch\u0119tnie uczestnicz\u0105cy w uroczysto\u015bci po\u015bwiecenia nowej dumy ca\u0142ej gminy \u2013 samochodu ratowniczo-ga\u015bniczego, kt\u00f3ry b\u0119dzie s\u0142u\u017cy\u0142 w OSP w Piaskach. Pojazd zosta\u0142 zakupiony w ramach realizacji projektu \u201eOchrona i wsparcie dla spo\u0142eczno\u015bci transgranicznych\u201d nr LT-PL-5R-352. Dzia\u0142anie nale\u017cy do programu Interreg Polska-Litwa, a partnerem gminy Tykocin po stronie litewskiej jest Stra\u017c Po\u017carna Rejonu \u0141o\u017adzieje, kt\u00f3rej reprezentanci go\u015bcili w kro\u015bnie\u0144skim wydarzeniu.<br \/>\nW mowie powitalnej Burmistrz Tykocina Mariusz Dudzi\u0144ski podkre\u015bli\u0142, \u017ce cieszy si\u0119, i\u017c wsp\u00f3\u0142praca mi\u0119dzynarodowa zapocz\u0105tkowana na w tej kadencji przynosi tak pi\u0119kne owoce. Serdeczne \u017cyczenia druhom z Piask z\u0142o\u017cyli m.in. Starszy Brygadier Andrzej Sobolewski \u2013 Zast\u0119pca Podlaskiego Komendanta Wojew\u00f3dzkiego Pa\u0144stwowej Stra\u017cy Po\u017carnej, Brygadier Rados\u0142aw P\u00f3\u0142torak \u2013 Zast\u0119pca Komendanta Komendy Miejskiej PSP w Bia\u0142ymstoku, Jan Gradkowski \u2013 Prezes Zarz\u0105du Powiatowego Oddzia\u0142u Zwi\u0105zku OSP RP oraz Adam Backiel \u2013 radny powiatu bia\u0142ostockiego, przewodnicz\u0105cy Komisji Bezpiecze\u0144stwa i Porz\u0105dku Publicznego, kt\u00f3ry odczyta\u0142 list gratulacyjny Starosty Powiatu Bia\u0142ostockiego Jana Boles\u0142awa Perkowskiego. Powiat dofinansowa\u0142 zakup samochodu, by\u0142 to kolejny z wielu akt\u00f3w wsparcia ruchu OSP przez samorz\u0105d powiatowy.<br \/>\nNowy w\u00f3z zosta\u0142 po\u015bwi\u0119cony przez ks. proboszcza Jerzego Bezubika. W ceremonii prowadzonej przez st. kap. \u0141ukasza Ostrowskiego i wicedyrektor Beat\u0119 Maliszewsk\u0105 nie zabrak\u0142o pi\u0119knie zagranego hejna\u0142u gminy Tykocin. W uroczysto\u015bci wzi\u0119li udzia\u0142 liczni radny Rady Miejskiej w Tykocinie: p. Renata Kami\u0144ska, p. Ma\u0142gorzata Nartowicz, p. Mariola Malinowska, p. Agnieszka Nieciecka, p. Krzysztof Korzi\u0144ski, p. Roman Klimaszewski, p. Jaros\u0142aw Malinowski, p. Dariusz Grudzi\u0144ski, p. Stanis\u0142aw Rogalewski i p. Miko\u0142aj Sok\u00f3lski, a tak\u017ce komendant gminna OSP Wies\u0142awa Sakowicz-D\u0105browska oraz prezesi OSP w Tykocinie, Je\u017cewie Starym, Radulach, \u0141opuchowie, Nieciecach, Rz\u0119dzianach i jednostka OSP Zajki. Poczty sztandarowe wystawi\u0142y jednostki OSP w Piaskach, w Je\u017cewie Starym i w Tykocinie.<br \/>\nPrezes OSP w Piaskach Grzegorz Zubrzycki serdecznie podzi\u0119kowa\u0142 wszystkim zaanga\u017cowanym w projekt modernizuj\u0105cy jednostk\u0119. Imienne podzi\u0119kowania otrzyma\u0142 m.in. Burmistrz Tykocina, Starosta Powiatu Bia\u0142ostockiego i radny Adam Backiel oraz przedstawicielki Referatu Inwestycyjnego Urz\u0119du Miejskiego w Tykocinie na czele z p. kierownik Karolin\u0105 Rojeck\u0105. Prezes Jan Gradkowski wr\u0119czy\u0142 przyznane uchwa\u0142\u0105 zarz\u0105du powiatowego ZOSPRP odznaczenia wszystkim zaanga\u017cowanym w prace na rzecz nabycia nowego, \u015bwietnie wyposa\u017conego i zaprojektowanego do potrzeb jednostki OSP w Piaskach.<br \/>\nWydarzeniu towarzyszy\u0142a akcja szczepie\u0144 przeciw covid-19. Rado\u015b\u0107 uczestnik\u00f3w, widz\u00f3w i go\u015bci niech towarzyszy jednostce OSP w Piaskach w ofiarnej s\u0142u\u017cbie Bogu na chwa\u0142\u0119, ludziom na po\u017cytek!<\/p>\n"},"caption":{"rendered":"<p>Niedziela 29 sierpnia 2021 to wielki dzie\u0144 w historii parafii w Kro\u015bnie, OSP w Piaskach i ca\u0142ej gminy Tykocin! Zosta\u0142 po\u015bwi\u0119cony nowy samoch\u00f3d ratowniczo-ga\u015bniczy OSP w Piaskach oraz odby\u0142y si\u0119 uroczyste do\u017cynki parafii pw. Matki Bo\u017cej Mi\u0142osierdzia w Kro\u015bnie w roku jubileuszu 75 lat tej\u017ce niewielkiej, acz pr\u0119\u017cnej i dbaj\u0105cej o polsk\u0105 tradycj\u0119 wsp\u00f3lnoty. A\u017c [&hellip;]<\/p>\n"},"alt_text":"Nowy samoch\u00f3d ratowniczo-ga\u015bniczy w OSP w Piaskach. Niedziela 29 sierpnia 2021 to wielki dzie\u0144 w historii parafii w Kro\u015bnie, OSP w Piaskach i ca\u0142ej gminy Tykocin! Zosta\u0142 po\u015bwi\u0119cony nowy samoch\u00f3d ratowniczo-ga\u015bniczy OSP w Piaskach oraz odby\u0142y si\u0119 uroczyste do\u017cynki parafii pw. Matki Bo\u017cej Mi\u0142osierdzia w Kro\u015bnie w roku jubileuszu 75 lat tej\u017ce niewielkiej, acz pr\u0119\u017cnej i dbaj\u0105cej o polsk\u0105 tradycj\u0119 wsp\u00f3lnoty. A\u017c 4 pi\u0119kne wie\u0144ce do\u017cynkowe zdobi\u0142y dzi\u015b \u015bwi\u0105tyni\u0119 w Kro\u015bnie. Starostami do\u017cynek byli Pa\u0144stwo Aneta i Szymon Kropiewniccy. Chleb i kosz produkt\u00f3w z\u0142o\u017cyli w imieniu samorz\u0105du gminnego Burmistrz Tykocina Mariusz Dudzi\u0144ski i Przewodnicz\u0105ca Rady Miejskiej Renata Kami\u0144ska. Kro\u015bnie\u0144ski ko\u015bci\u00f3\u0142 i cmentarz przyko\u015bcielny t\u0142umnie wype\u0142nili wierni ch\u0119tnie uczestnicz\u0105cy w uroczysto\u015bci po\u015bwiecenia nowej dumy ca\u0142ej gminy \u2013 samochodu ratowniczo-ga\u015bniczego, kt\u00f3ry b\u0119dzie s\u0142u\u017cy\u0142 w OSP w Piaskach. Pojazd zosta\u0142 zakupiony w ramach realizacji projektu \u201eOchrona i wsparcie dla spo\u0142eczno\u015bci transgranicznych\u201d nr LT-PL-5R-352. Dzia\u0142anie nale\u017cy do programu Interreg Polska-Litwa, a partnerem gminy Tykocin po stronie litewskiej jest Stra\u017c Po\u017carna Rejonu \u0141o\u017adzieje, kt\u00f3rej reprezentanci go\u015bcili w kro\u015bnie\u0144skim wydarzeniu. W mowie powitalnej Burmistrz Tykocina Mariusz Dudzi\u0144ski podkre\u015bli\u0142, \u017ce cieszy si\u0119, i\u017c wsp\u00f3\u0142praca mi\u0119dzynarodowa zapocz\u0105tkowana na w tej kadencji przynosi tak pi\u0119kne owoce. Serdeczne \u017cyczenia druhom z Piask z\u0142o\u017cyli m.in. Starszy Brygadier Andrzej Sobolewski \u2013 Zast\u0119pca Podlaskiego Komendanta Wojew\u00f3dzkiego Pa\u0144stwowej Stra\u017cy Po\u017carnej, Brygadier Rados\u0142aw P\u00f3\u0142torak \u2013 Zast\u0119pca Komendanta Komendy Miejskiej PSP w Bia\u0142ymstoku, Jan Gradkowski \u2013 Prezes Zarz\u0105du Powiatowego Oddzia\u0142u Zwi\u0105zku OSP RP oraz Adam Backiel \u2013 radny powiatu bia\u0142ostockiego, przewodnicz\u0105cy Komisji Bezpiecze\u0144stwa i Porz\u0105dku Publicznego, kt\u00f3ry odczyta\u0142 list gratulacyjny Starosty Powiatu Bia\u0142ostockiego Jana Boles\u0142awa Perkowskiego. Powiat dofinansowa\u0142 zakup samochodu, by\u0142 to kolejny z wielu akt\u00f3w wsparcia ruchu OSP przez samorz\u0105d powiatowy. Nowy w\u00f3z zosta\u0142 po\u015bwi\u0119cony przez ks. proboszcza Jerzego Bezubika. W ceremonii prowadzonej przez st. kap. \u0141ukasza Ostrowskiego i wicedyrektor Beat\u0119 Maliszewsk\u0105 nie zabrak\u0142o pi\u0119knie zagranego hejna\u0142u gminy Tykocin. W uroczysto\u015bci wzi\u0119li udzia\u0142 liczni radny Rady Miejskiej w Tykocinie: p. Renata Kami\u0144ska, p. Ma\u0142gorzata Nartowicz, p. Mariola Malinowska, p. Agnieszka Nieciecka, p. Krzysztof Korzi\u0144ski, p. Roman Klimaszewski, p. Jaros\u0142aw Malinowski, p. Dariusz Grudzi\u0144ski, p. Stanis\u0142aw Rogalewski i p. Miko\u0142aj Sok\u00f3lski, a tak\u017ce komendant gminna OSP Wies\u0142awa Sakowicz-D\u0105browska oraz prezesi OSP w Tykocinie, Je\u017cewie Starym, Radulach, \u0141opuchowie, Nieciecach, Rz\u0119dzianach i jednostka OSP Zajki. Poczty sztandarowe wystawi\u0142y jednostki OSP w Piaskach, w Je\u017cewie Starym i w Tykocinie. Prezes OSP w Piaskach Grzegorz Zubrzycki serdecznie podzi\u0119kowa\u0142 wszystkim zaanga\u017cowanym w projekt modernizuj\u0105cy jednostk\u0119. Imienne podzi\u0119kowania otrzyma\u0142 m.in. Burmistrz Tykocina, Starosta Powiatu Bia\u0142ostockiego i radny Adam Backiel oraz przedstawicielki Referatu Inwestycyjnego Urz\u0119du Miejskiego w Tykocinie na czele z p. kierownik Karolin\u0105 Rojeck\u0105. Prezes Jan Gradkowski wr\u0119czy\u0142 przyznane uchwa\u0142\u0105 zarz\u0105du powiatowego ZOSPRP odznaczenia wszystkim zaanga\u017cowanym w prace na rzecz nabycia nowego, \u015bwietnie wyposa\u017conego i zaprojektowanego do potrzeb jednostki OSP w Piaskach. Wydarzeniu towarzyszy\u0142a akcja szczepie\u0144 przeciw covid-19. Rado\u015b\u0107 uczestnik\u00f3w, widz\u00f3w i go\u015bci niech towarzyszy jednostce OSP w Piaskach w ofiarnej s\u0142u\u017cbie Bogu na chwa\u0142\u0119, ludziom na po\u017cytek!","media_type":"image","mime_type":"image\/jpeg","media_details":{"width":1200,"height":800,"file":"2021\/08\/IMG_1111.jpg","sizes":{"medium":{"file":"IMG_1111-300x200.jpg","width":300,"height":200,"mime_type":"image\/jpeg","source_url":"https:\/\/umtykocin.pl\/mieszkaniec\/wp-content\/uploads\/sites\/4\/2021\/08\/IMG_1111-300x200.jpg"},"large":{"file":"IMG_1111-1024x683.jpg","width":1024,"height":683,"mime_type":"image\/jpeg","source_url":"https:\/\/umtykocin.pl\/mieszkaniec\/wp-content\/uploads\/sites\/4\/2021\/08\/IMG_1111-1024x683.jpg"},"thumbnail":{"file":"IMG_1111-150x150.jpg","width":150,"height":150,"mime_type":"image\/jpeg","source_url":"https:\/\/umtykocin.pl\/mieszkaniec\/wp-content\/uploads\/sites\/4\/2021\/08\/IMG_1111-150x150.jpg"},"medium_large":{"file":"IMG_1111-768x512.jpg","width":768,"height":512,"mime_type":"image\/jpeg","source_url":"https:\/\/umtykocin.pl\/mieszkaniec\/wp-content\/uploads\/sites\/4\/2021\/08\/IMG_1111-768x512.jpg"},"et-pb-post-main-image":{"file":"IMG_1111-400x250.jpg","width":400,"height":250,"mime_type":"image\/jpeg","source_url":"https:\/\/umtykocin.pl\/mieszkaniec\/wp-content\/uploads\/sites\/4\/2021\/08\/IMG_1111-400x250.jpg"},"et-pb-post-main-image-fullwidth":{"file":"IMG_1111-1080x675.jpg","width":1080,"height":675,"mime_type":"image\/jpeg","source_url":"https:\/\/umtykocin.pl\/mieszkaniec\/wp-content\/uploads\/sites\/4\/2021\/08\/IMG_1111-1080x675.jpg"},"et-pb-portfolio-image":{"file":"IMG_1111-400x284.jpg","width":400,"height":284,"mime_type":"image\/jpeg","source_url":"https:\/\/umtykocin.pl\/mieszkaniec\/wp-content\/uploads\/sites\/4\/2021\/08\/IMG_1111-400x284.jpg"},"et-pb-portfolio-module-image":{"file":"IMG_1111-510x382.jpg","width":510,"height":382,"mime_type":"image\/jpeg","source_url":"https:\/\/umtykocin.pl\/mieszkaniec\/wp-content\/uploads\/sites\/4\/2021\/08\/IMG_1111-510x382.jpg"},"et-pb-portfolio-image-single":{"file":"IMG_1111-1080x720.jpg","width":1080,"height":720,"mime_type":"image\/jpeg","source_url":"https:\/\/umtykocin.pl\/mieszkaniec\/wp-content\/uploads\/sites\/4\/2021\/08\/IMG_1111-1080x720.jpg"},"et-pb-gallery-module-image-portrait":{"file":"IMG_1111-400x516.jpg","width":400,"height":516,"mime_type":"image\/jpeg","source_url":"https:\/\/umtykocin.pl\/mieszkaniec\/wp-content\/uploads\/sites\/4\/2021\/08\/IMG_1111-400x516.jpg"},"et-pb-image--responsive--tablet":{"file":"IMG_1111-980x653.jpg","width":980,"height":653,"mime_type":"image\/jpeg","source_url":"https:\/\/umtykocin.pl\/mieszkaniec\/wp-content\/uploads\/sites\/4\/2021\/08\/IMG_1111-980x653.jpg"},"et-pb-image--responsive--phone":{"file":"IMG_1111-480x320.jpg","width":480,"height":320,"mime_type":"image\/jpeg","source_url":"https:\/\/umtykocin.pl\/mieszkaniec\/wp-content\/uploads\/sites\/4\/2021\/08\/IMG_1111-480x320.jpg"},"full":{"file":"IMG_1111.jpg","width":1200,"height":800,"mime_type":"image\/jpeg","source_url":"https:\/\/umtykocin.pl\/mieszkaniec\/wp-content\/uploads\/sites\/4\/2021\/08\/IMG_1111.jpg"}},"image_meta":{"aperture":"4","credit":"","camera":"Canon EOS 1300D","caption":"","created_timestamp":"1630242308","copyright":"","focal_length":"24","iso":"160","shutter_speed":"0.003125","title":"","orientation":"1","keywords":[]}},"post":7436,"source_url":"https:\/\/umtykocin.pl\/mieszkaniec\/wp-content\/uploads\/sites\/4\/2021\/08\/IMG_1111.jpg","_links":{"self":[{"href":"https:\/\/umtykocin.pl\/mieszkaniec\/wp-json\/wp\/v2\/media\/7438","targetHints":{"allow":["GET"]}}],"collection":[{"href":"https:\/\/umtykocin.pl\/mieszkaniec\/wp-json\/wp\/v2\/media"}],"about":[{"href":"https:\/\/umtykocin.pl\/mieszkaniec\/wp-json\/wp\/v2\/types\/attachment"}],"author":[{"embeddable":true,"href":"https:\/\/umtykocin.pl\/mieszkaniec\/wp-json\/wp\/v2\/users\/3"}],"replies":[{"embeddable":true,"href":"https:\/\/umtykocin.pl\/mieszkaniec\/wp-json\/wp\/v2\/comments?post=7438"}],"wp:attached-to":[{"embeddable":true,"post_type":"post","id":7436,"href":"https:\/\/umtykocin.pl\/mieszkaniec\/wp-json\/wp\/v2\/posts\/7436"}],"curies":[{"name":"wp","href":"https:\/\/api.w.org\/{rel}","templated":true}]}}